{"id":244107,"date":"2025-06-30T17:02:44","date_gmt":"2025-06-30T23:02:44","guid":{"rendered":"https:\/\/encuentroporlosanimales.org\/?page_id=244107"},"modified":"2025-08-20T18:06:27","modified_gmt":"2025-08-21T00:06:27","slug":"preguntas-frecuentes","status":"publish","type":"page","link":"https:\/\/encuentroporlosanimales.org\/pt\/preguntas-frecuentes\/","title":{"rendered":"Preguntas Frecuentes"},"content":{"rendered":"<p>[et_pb_section fb_built=&#8221;1&#8243; _builder_version=&#8221;4.27.4&#8243; _module_preset=&#8221;default&#8221; background_color=&#8221;#603813&#8243; background_image=&#8221;https:\/\/encuentroporlosanimales.org\/wp-content\/uploads\/2025\/01\/exa-fondos-hojas-2.png&#8221; background_blend=&#8221;screen&#8221; custom_margin=&#8221;0px||0px||true|false&#8221; custom_padding=&#8221;25px||15px||false|false&#8221; da_disable_devices=&#8221;off|off|off&#8221; global_module=&#8221;242857&#8243; saved_tabs=&#8221;all&#8221; locked=&#8221;off&#8221; global_colors_info=&#8221;{}&#8221; da_is_popup=&#8221;off&#8221; da_exit_intent=&#8221;off&#8221; da_has_close=&#8221;on&#8221; da_alt_close=&#8221;off&#8221; da_dark_close=&#8221;off&#8221; da_not_modal=&#8221;on&#8221; da_is_singular=&#8221;off&#8221; da_with_loader=&#8221;off&#8221; da_has_shadow=&#8221;on&#8221;][et_pb_row _builder_version=&#8221;4.27.4&#8243; _module_preset=&#8221;default&#8221; custom_padding=&#8221;||24px|||&#8221; global_colors_info=&#8221;{}&#8221;][et_pb_column type=&#8221;4_4&#8243; _builder_version=&#8221;4.27.4&#8243; _module_preset=&#8221;default&#8221; global_colors_info=&#8221;{}&#8221;][et_pb_text _builder_version=&#8221;4.27.4&#8243; _dynamic_attributes=&#8221;content&#8221; _module_preset=&#8221;default&#8221; header_font=&#8221;|700|||||||&#8221; header_text_align=&#8221;center&#8221; header_text_color=&#8221;#FFFFFF&#8221; background_color=&#8221;gcid-34b9b63d-6b89-45be-8a00-b072c7d3b5b7&#8243; width=&#8221;65vw&#8221; width_tablet=&#8221;65vw&#8221; width_phone=&#8221;65vw&#8221; width_last_edited=&#8221;on|desktop&#8221; module_alignment=&#8221;center&#8221; custom_margin=&#8221;||16px|||&#8221; custom_padding=&#8221;19px|15px|5px|15px|false|true&#8221; header_font_size_tablet=&#8221;40px&#8221; header_font_size_phone=&#8221;30px&#8221; header_font_size_last_edited=&#8221;on|tablet&#8221; global_colors_info=&#8221;{%22gcid-34b9b63d-6b89-45be-8a00-b072c7d3b5b7%22:%91%22background_color%22%93}&#8221;]@ET-DC@eyJkeW5hbWljIjp0cnVlLCJjb250ZW50IjoicG9zdF90aXRsZSIsInNldHRpbmdzIjp7ImJlZm9yZSI6IjxoMT4iLCJhZnRlciI6IjwvaDE+In19@[\/et_pb_text][et_pb_text _builder_version=&#8221;4.27.4&#8243; _module_preset=&#8221;default&#8221; text_font=&#8221;|600||on|||||&#8221; text_text_color=&#8221;#FF7BA4&#8243; header_3_text_color=&#8221;#FF7BA4&#8243; text_orientation=&#8221;center&#8221; global_colors_info=&#8221;{}&#8221;]<\/p>\n<h3>Encuentro Por los Animales<\/h3>\n<p>[\/et_pb_text][\/et_pb_column][\/et_pb_row][\/et_pb_section][et_pb_section fb_built=&#8221;1&#8243; _builder_version=&#8221;4.27.4&#8243; _module_preset=&#8221;default&#8221; width=&#8221;100%&#8221; module_alignment=&#8221;center&#8221; custom_margin=&#8221;0px||0px||true|false&#8221; custom_padding=&#8221;0px||0px||true|false&#8221; da_disable_devices=&#8221;off|off|off&#8221; global_module=&#8221;242282&#8243; saved_tabs=&#8221;all&#8221; locked=&#8221;off&#8221; global_colors_info=&#8221;{}&#8221; da_is_popup=&#8221;off&#8221; da_exit_intent=&#8221;off&#8221; da_has_close=&#8221;on&#8221; da_alt_close=&#8221;off&#8221; da_dark_close=&#8221;off&#8221; da_not_modal=&#8221;on&#8221; da_is_singular=&#8221;off&#8221; da_with_loader=&#8221;off&#8221; da_has_shadow=&#8221;on&#8221;][et_pb_row _builder_version=&#8221;4.27.4&#8243; _module_preset=&#8221;default&#8221; width=&#8221;100%&#8221; module_alignment=&#8221;center&#8221; custom_margin=&#8221;0px||0px||true|false&#8221; custom_padding=&#8221;0px||0px||true|false&#8221; global_colors_info=&#8221;{}&#8221;][et_pb_column type=&#8221;4_4&#8243; _builder_version=&#8221;4.27.4&#8243; _module_preset=&#8221;default&#8221; global_colors_info=&#8221;{}&#8221;][et_pb_image src=&#8221;https:\/\/encuentroporlosanimales.org\/wp-content\/uploads\/2025\/01\/FranjaColores.png&#8221; alt=&#8221;Encuentro Animalista en Ciudad de M\u00e9xico, Encuentro por los Animales&#8221; title_text=&#8221;FranjaColores&#8221; align=&#8221;center&#8221; force_fullwidth=&#8221;on&#8221; _builder_version=&#8221;4.27.4&#8243; _module_preset=&#8221;default&#8221; global_colors_info=&#8221;{}&#8221;][\/et_pb_image][\/et_pb_column][\/et_pb_row][\/et_pb_section][et_pb_section fb_built=&#8221;1&#8243; _builder_version=&#8221;4.27.4&#8243; _module_preset=&#8221;default&#8221; background_image=&#8221;https:\/\/encuentroporlosanimales.org\/wp-content\/uploads\/2025\/04\/urraca-left-gris-claro-1.svg&#8221; background_size=&#8221;custom&#8221; background_image_width=&#8221;30%&#8221; background_position=&#8221;top_right&#8221; background_last_edited=&#8221;on|desktop&#8221; da_disable_devices=&#8221;off|off|off&#8221; global_colors_info=&#8221;{}&#8221; da_is_popup=&#8221;off&#8221; da_exit_intent=&#8221;off&#8221; da_has_close=&#8221;on&#8221; da_alt_close=&#8221;off&#8221; da_dark_close=&#8221;off&#8221; da_not_modal=&#8221;on&#8221; da_is_singular=&#8221;off&#8221; da_with_loader=&#8221;off&#8221; da_has_shadow=&#8221;on&#8221;][et_pb_row column_structure=&#8221;1_3,2_3&#8243; _builder_version=&#8221;4.27.4&#8243; _module_preset=&#8221;default&#8221; global_colors_info=&#8221;{}&#8221;][et_pb_column type=&#8221;1_3&#8243; _builder_version=&#8221;4.27.4&#8243; _module_preset=&#8221;default&#8221; global_colors_info=&#8221;{}&#8221;][et_pb_image src=&#8221;https:\/\/encuentroporlosanimales.org\/wp-content\/uploads\/2025\/01\/logo-exa-color.svg&#8221; alt=&#8221;Encuentro por los Animales, CDMX 2025, adquiere tus boletos&#8221; title_text=&#8221;Encuentro por los Animales, CDMX 2025, adquiere tus boletos&#8221; _builder_version=&#8221;4.27.4&#8243; _module_preset=&#8221;default&#8221; width_tablet=&#8221;30vw&#8221; width_phone=&#8221;50vw&#8221; width_last_edited=&#8221;on|phone&#8221; module_alignment=&#8221;center&#8221; global_colors_info=&#8221;{}&#8221;][\/et_pb_image][\/et_pb_column][et_pb_column type=&#8221;2_3&#8243; _builder_version=&#8221;4.27.4&#8243; _module_preset=&#8221;default&#8221; global_colors_info=&#8221;{}&#8221;][et_pb_text _builder_version=&#8221;4.27.4&#8243; _module_preset=&#8221;default&#8221; header_font=&#8221;|800|||||||&#8221; header_text_color=&#8221;#603813&#8243; header_2_font=&#8221;|700||on|||||&#8221; header_2_text_color=&#8221;gcid-1fbcd44d-25a2-4361-a1db-d46dba18527a&#8221; custom_padding=&#8221;||10px||false|false&#8221; border_width_bottom=&#8221;2px&#8221; border_color_bottom=&#8221;gcid-364c089f-5031-4320-91af-1796e27661e4&#8243; locked=&#8221;off&#8221; global_colors_info=&#8221;{%22gcid-1fbcd44d-25a2-4361-a1db-d46dba18527a%22:%91%22header_2_text_color%22%93,%22gcid-364c089f-5031-4320-91af-1796e27661e4%22:%91%22border_color_bottom%22%93}&#8221;]<\/p>\n<h2>Preguntas generales<\/h2>\n<p>[\/et_pb_text][et_pb_accordion open_toggle_background_color=&#8221;#e3dcd6&#8243; closed_toggle_text_color=&#8221;#FFFFFF&#8221; closed_toggle_background_color=&#8221;#af236b&#8221; icon_color=&#8221;#603813&#8243; use_icon_font_size=&#8221;on&#8221; icon_font_size=&#8221;24px&#8221; _builder_version=&#8221;4.27.4&#8243; _module_preset=&#8221;default&#8221; toggle_text_color=&#8221;#603813&#8243; toggle_font_size=&#8221;33px&#8221; toggle_line_height=&#8221;1.3em&#8221; closed_toggle_font_size=&#8221;33px&#8221; body_text_color=&#8221;#141414&#8243; body_ol_item_indent=&#8221;5px&#8221; custom_margin=&#8221;||74px|||&#8221; hover_enabled=&#8221;0&#8243; toggle_font_size_tablet=&#8221;33px&#8221; toggle_font_size_phone=&#8221;24px&#8221; toggle_font_size_last_edited=&#8221;on|desktop&#8221; closed_toggle_font_size_tablet=&#8221;33px&#8221; closed_toggle_font_size_phone=&#8221;24px&#8221; closed_toggle_font_size_last_edited=&#8221;on|tablet&#8221; border_radii=&#8221;on|16px|16px|16px|16px&#8221; global_colors_info=&#8221;{%22gcid-52970a49-6105-41c7-9efa-dfa33d7fbc12%22:%91%22open_toggle_background_color%22%93,%22gcid-34b9b63d-6b89-45be-8a00-b072c7d3b5b7%22:%91%22closed_toggle_background_color%22%93}&#8221; sticky_enabled=&#8221;0&#8243;][et_pb_accordion_item title=&#8221;\u00bfEn qu\u00e9 fecha y lugar se llevar\u00e1 a cabo la conferencia?&#8221; open=&#8221;on&#8221; _builder_version=&#8221;4.27.4&#8243; _module_preset=&#8221;default&#8221; global_colors_info=&#8221;{}&#8221;]<\/p>\n<p>3, 4 y 5 de octubre del 2025, la sede es el Hotel Estelar ubicado en <a href=\"https:\/\/maps.app.goo.gl\/KmVa4MMRZU4sudwH6\" target=\"_blank\" rel=\"noopener\"><strong>Av. Alfredo Benavides 415, Miraflores, CP. 15074, Lima, Per\u00fa.<\/strong><\/a><\/p>\n<p>[\/et_pb_accordion_item][et_pb_accordion_item title=&#8221;\u00bfQu\u00e9 precio tiene el boleto?&#8221; _builder_version=&#8221;4.27.4&#8243; _module_preset=&#8221;default&#8221; global_colors_info=&#8221;{}&#8221; open=&#8221;off&#8221;]Pajarito tempranero del hasta el 31 de julio, S\/. 80 soles.<br \/>\nP\u00e1jarito tard\u00edo del 1 de agosto al 5 de octubre, S\/. 110 soles[\/et_pb_accordion_item][et_pb_accordion_item title=&#8221;\u00bfQu\u00e9 incluye mi boleto para el EXA?&#8221; _builder_version=&#8221;4.27.4&#8243; _module_preset=&#8221;default&#8221; global_colors_info=&#8221;{}&#8221; open=&#8221;off&#8221;]<\/p>\n<p>Distintivo de acceso a conferencias y expositores<br \/>Acceso a conferencias y expositores.<br \/>Coffee break los 3 d\u00edas, del 3 al 5 de octubre de 2025.<br \/>Dos almuerzos.<\/p>\n<p><strong>\u26a0\ufe0f Aseg\u00farate de llevar visible y en todo momento el distintivo de acceso al evento, ese ser\u00e1 tu acceso a tus alimentos y al evento en general.<\/strong><\/p>\n<p>[\/et_pb_accordion_item][et_pb_accordion_item title=&#8221;\u00bfA qu\u00e9 hora debo registrarme el d\u00eda de la conferencia y cuando termina la conferencia? &#8221; _builder_version=&#8221;4.27.4&#8243; _module_preset=&#8221;default&#8221; global_colors_info=&#8221;{}&#8221; open=&#8221;off&#8221;]<\/p>\n<p>El registro ser\u00e1 el d\u00eda viernes 3 de octubre de 10:00 a 13:00 horas. La conferencia finaliza el domingo 5 de octubre aproximadamente a las 12:00 horas.<\/p>\n<p>[\/et_pb_accordion_item][et_pb_accordion_item title=&#8221;\u00bfD\u00f3nde puedo hacer la reservaci\u00f3n para el hotel y a partir de cu\u00e1ndo? \u00bfHay descuento de hospedaje?&#8221; _builder_version=&#8221;4.27.4&#8243; _module_preset=&#8221;default&#8221; global_colors_info=&#8221;{}&#8221; open=&#8221;off&#8221;]<\/p>\n<p>Si decides quedarte en el Hotel Estelar (<a href=\"https:\/\/maps.app.goo.gl\/KmVa4MMRZU4sudwH6\" target=\"_blank\" rel=\"noopener\">Av. Alfredo Benavides 415, Miraflores, CP. 15074, Lima, Per\u00fa<\/a>) es necesario contactarse con ellos directamente:<\/p>\n<p><a href=\"https:\/\/www.estelarmiraflores.com\/es\/\" target=\"_blank\" rel=\"noopener\"><strong>www.estelarmiraflores.com\/es\/<\/strong><\/a>, al mail <a href=\"mailto:reservas.peru@hotelesestelar.com\" target=\"_blank\" rel=\"noopener\">reservas.peru@hotelesestelar.com<\/a> y <a href=\"mailto:renatom.arbulu@hotelesestelar.com\" target=\"_blank\" rel=\"noopener\">renatom.arbulu@hotelesestelar.com<\/a> o al tel\u00e9fono: +51 962 383 589.<br \/>Identif\u00edcate como asistente EXA con Renato Arbulu y \u00a1listo!<br \/>Hay precios especiales para asistentes al EXA, pregunta por ellos.<\/p>\n<p><strong>Beneficios:<\/strong><\/p>\n<p>Tarifas Netas: m\u00e1s impuestos y servicios<br \/>Tarifas incluyen: Desayuno buffet, Wi-Fi y Welcome Drink<\/p>\n<p>Para dudas acerca de cancelaciones, favor de comunicarse directamente con el hotel. La organizaci\u00f3n del EXA NO se encarga de las reservaciones.<\/p>\n<p><strong>\u26a0\ufe0f El costo extra por check out tard\u00edo var\u00eda de media tarifa y tarifa completa, dependiendo de la hora.<\/strong><\/p>\n<p>[\/et_pb_accordion_item][et_pb_accordion_item title=&#8221;\u00bfA qu\u00e9 aeropuerto debo llegar?&#8221; _builder_version=&#8221;4.27.4&#8243; _module_preset=&#8221;default&#8221; global_colors_info=&#8221;{}&#8221; open=&#8221;off&#8221;]<\/p>\n<p>El \u00fanico aeropuerto de Lima, Per\u00fa es el<strong><a href=\"https:\/\/maps.app.goo.gl\/W45PNeoXAUd4kqSd8\" target=\"_blank\" rel=\"noopener\"> Aeropuerto Internacional Jorge Ch\u00e1vez.<\/a><\/strong><\/p>\n<p>[\/et_pb_accordion_item][et_pb_accordion_item title=&#8221;\u00bfHabr\u00e1 transporte del aeropuerto a la conferencia el d\u00eda del registro y al finalizar la conferencia?&#8221; _builder_version=&#8221;4.27.4&#8243; _module_preset=&#8221;default&#8221; hover_enabled=&#8221;0&#8243; global_colors_info=&#8221;{}&#8221; open=&#8221;off&#8221; sticky_enabled=&#8221;0&#8243;]<\/p>\n<p>El servicio de taxis es frecuente y seguro si lo tomas de dentro del aeropuerto.<br \/>\ud83d\ude97 Auto: Apto\/Hotel USD 29.50 incluido impuestos<br \/>\ud83d\ude90 Van (6 personas) Apto\/Hotel USD 49.16 incluido impuestos<\/p>\n<p>\ud83d\ude8dBus: hay autobuses que salen del aeropuerto hacia diferentes puntos de Lima, el bus Airport Express Lima lleva a Miraflores, el paradero m\u00e1s cercano al Estelar es el paradero Parque Kennedy, que deja a los pasajeros a 3 cuadras del hotel. El costo es de $6 USD. Pueden verificar los horarios, paraderos y costos aqu\u00ed:<\/p>\n<p><a href=\"https:\/\/www.airportexpresslima.com\/es\/elige-tu-parada\/\" target=\"_blank\" rel=\"noopener\">https:\/\/www.airportexpresslima.com\/es\/elige-tu-parada\/<\/a><\/p>\n<p>[\/et_pb_accordion_item][et_pb_accordion_item title=&#8221;\u00bfPuedo asistir solamente a ver a los expositores?&#8221; _builder_version=&#8221;4.27.4&#8243; _module_preset=&#8221;default&#8221; global_colors_info=&#8221;{}&#8221; open=&#8221;off&#8221;]S\u00ed puedes asistir. Te proporcionaremos un distintivo que te dar\u00e1 acceso al \u00e1rea de expositores.[\/et_pb_accordion_item][et_pb_accordion_item title=&#8221;\u00bfD\u00f3nde puedo encontrar informaci\u00f3n sobre las becas?&#8221; _builder_version=&#8221;4.27.4&#8243; _module_preset=&#8221;default&#8221; global_colors_info=&#8221;{}&#8221; open=&#8221;off&#8221;]Las becas para el EXA 2025 han cerrado. Mantente alerta en nuestras redes sociales para la convocatoria del 2026. [\/et_pb_accordion_item][et_pb_accordion_item title=&#8221;\u00bfHay buen acceso a internet en el hotel?&#8221; _builder_version=&#8221;4.27.4&#8243; _module_preset=&#8221;default&#8221; global_colors_info=&#8221;{}&#8221; open=&#8221;off&#8221;]El hotel cuenta con servicio de INTERNET WIFI, sin embargo, debido al n\u00famero de asistentes, es muy posible que el servicio se sature y sea muy lento. Si lo necesitas, te recomendamos ampliamente que traigas tu propio servicio de internet en tu tel\u00e9fono m\u00f3vil.[\/et_pb_accordion_item][et_pb_accordion_item title=&#8221;\u00bfDebo usar cubrebocas?&#8221; _builder_version=&#8221;4.27.4&#8243; _module_preset=&#8221;default&#8221; global_colors_info=&#8221;{}&#8221; open=&#8221;off&#8221;]Recomendamos su uso opcional.[\/et_pb_accordion_item][et_pb_accordion_item title=&#8221;Si tengo m\u00e1s dudas, \u00bfcon qui\u00e9n me puedo poner en contacto?&#8221; _builder_version=&#8221;4.27.4&#8243; _module_preset=&#8221;default&#8221; global_colors_info=&#8221;{}&#8221; open=&#8221;off&#8221;]<\/p>\n<p>Puedes escribir a <a href=\"mailto:contacto@encuentroanimal.org%20\" target=\"_blank\" rel=\"noopener\"><strong>contacto@encuentroanimal.org<\/strong><\/a><\/p>\n<p>[\/et_pb_accordion_item][\/et_pb_accordion][et_pb_text _builder_version=&#8221;4.27.4&#8243; _module_preset=&#8221;default&#8221; header_font=&#8221;|800|||||||&#8221; header_text_color=&#8221;#603813&#8243; header_2_font=&#8221;|700||on|||||&#8221; header_2_text_color=&#8221;gcid-1fbcd44d-25a2-4361-a1db-d46dba18527a&#8221; custom_padding=&#8221;||10px||false|false&#8221; border_width_bottom=&#8221;2px&#8221; border_color_bottom=&#8221;gcid-364c089f-5031-4320-91af-1796e27661e4&#8243; global_colors_info=&#8221;{%22gcid-1fbcd44d-25a2-4361-a1db-d46dba18527a%22:%91%22header_2_text_color%22%93,%22gcid-364c089f-5031-4320-91af-1796e27661e4%22:%91%22border_color_bottom%22%93}&#8221;]<\/p>\n<h2>Viajes y log\u00edstica<\/h2>\n<p>[\/et_pb_text][et_pb_accordion open_toggle_background_color=&#8221;#e3dcd6&#8243; closed_toggle_text_color=&#8221;#FFFFFF&#8221; closed_toggle_background_color=&#8221;#af236b&#8221; icon_color=&#8221;#603813&#8243; use_icon_font_size=&#8221;on&#8221; icon_font_size=&#8221;24px&#8221; _builder_version=&#8221;4.27.4&#8243; _module_preset=&#8221;default&#8221; toggle_text_color=&#8221;#603813&#8243; toggle_font_size=&#8221;33px&#8221; toggle_line_height=&#8221;1.3em&#8221; closed_toggle_font_size=&#8221;33px&#8221; body_text_color=&#8221;#141414&#8243; body_ol_item_indent=&#8221;5px&#8221; custom_margin=&#8221;||60px|||&#8221; toggle_font_size_tablet=&#8221;33px&#8221; toggle_font_size_phone=&#8221;24px&#8221; toggle_font_size_last_edited=&#8221;on|desktop&#8221; closed_toggle_font_size_tablet=&#8221;33px&#8221; closed_toggle_font_size_phone=&#8221;24px&#8221; closed_toggle_font_size_last_edited=&#8221;on|tablet&#8221; border_radii=&#8221;on|16px|16px|16px|16px&#8221; global_colors_info=&#8221;{%22gcid-52970a49-6105-41c7-9efa-dfa33d7fbc12%22:%91%22open_toggle_background_color%22%93,%22gcid-34b9b63d-6b89-45be-8a00-b072c7d3b5b7%22:%91%22closed_toggle_background_color%22%93}&#8221;][et_pb_accordion_item title=&#8221;\u00bfD\u00f3nde debo hospedarme?&#8221; open=&#8221;on&#8221; _builder_version=&#8221;4.27.4&#8243; _module_preset=&#8221;default&#8221; global_colors_info=&#8221;{}&#8221;]<\/p>\n<p>Sugerimos quedarte en el Hotel Estelar (<a href=\"https:\/\/maps.app.goo.gl\/KmVa4MMRZU4sudwH6\" target=\"_blank\" rel=\"noopener\">Av. Alfredo Benavides 415, Miraflores, CP. 15074, Lima, Per\u00fa<\/a>) es necesario contactarse con ellos directamente:<\/p>\n<p><a href=\"https:\/\/www.estelarmiraflores.com\/es\/\" target=\"_blank\" rel=\"noopener\"><strong>www.estelarmiraflores.com\/es\/<\/strong><\/a>, al mail <a href=\"mailto:reservas.peru@hotelesestelar.com\" target=\"_blank\" rel=\"noopener\">reservas.peru@hotelesestelar.com<\/a> y <a href=\"mailto:renatom.arbulu@hotelesestelar.com\" target=\"_blank\" rel=\"noopener\">renatom.arbulu@hotelesestelar.com<\/a> o al tel\u00e9fono: +51 962 383 589.<br \/>Identif\u00edcate como asistente EXA con Renato Arbulu y \u00a1listo!<br \/>Hay precios especiales para asistentes al EXA, pregunta por ellos.<\/p>\n<p><strong>Beneficios:<\/strong><\/p>\n<p>Tarifas Netas: m\u00e1s impuestos y servicios<br \/>Tarifas incluyen: Desayuno buffet, Wi-Fi y Welcome Drink<\/p>\n<p>Para dudas acerca de cancelaciones, favor de comunicarse directamente con el hotel. La organizaci\u00f3n del EXA NO se encarga de las reservaciones.<\/p>\n<p><strong>\u26a0\ufe0f El costo extra por check out tard\u00edo var\u00eda de media tarifa y tarifa completa, dependiendo de la hora.<\/strong><\/p>\n<p>[\/et_pb_accordion_item][et_pb_accordion_item title=&#8221;\u00bfEl hotel cuenta con estacionamiento?&#8221; _builder_version=&#8221;4.27.4&#8243; _module_preset=&#8221;default&#8221; global_colors_info=&#8221;{}&#8221; open=&#8221;off&#8221;]El Hotel Estelar s\u00ed cuenta con estacionamiento sin costo adicional para hu\u00e9spedes. Favor de solicitar el espacio a la hora de reservar. [\/et_pb_accordion_item][et_pb_accordion_item title=&#8221;\u00bfA qu\u00e9 hora debo llegar?&#8221; _builder_version=&#8221;4.27.4&#8243; _module_preset=&#8221;default&#8221; global_colors_info=&#8221;{}&#8221; open=&#8221;off&#8221;]<\/p>\n<p>La hora de entrada del hotel es a partir de las 15:00 y la hora de salida es a las 12:00 horas.<br \/>Si quieres hacer tu check in antes consulta con el hotel previamente. Existe la posibilidad de resguardar tu equipaje mientras llega la hora de tu check in.<br \/>\u26a0\ufe0f El costo extra por check out tard\u00edo var\u00eda de media tarifa y tarifa completa, dependiendo de la hora.<\/p>\n<p>[\/et_pb_accordion_item][et_pb_accordion_item title=&#8221;\u00bfA qu\u00e9 hora debo irme el 5 de octubre de 2025?&#8221; _builder_version=&#8221;4.27.4&#8243; _module_preset=&#8221;default&#8221; global_colors_info=&#8221;{}&#8221; open=&#8221;off&#8221;]La hora de entrega de la habitaci\u00f3n del hotel es a las 12:00 horas.  Existe la posibilidad de resguardar tu equipaje mientras se termina el evento. De no hacerse el check out a tiempo el hotel cobrar\u00e1 una cantidad adicional.[\/et_pb_accordion_item][et_pb_accordion_item title=&#8221;\u00bfA qu\u00e9 aeropuerto debo llegar?&#8221; _builder_version=&#8221;4.27.4&#8243; _module_preset=&#8221;default&#8221; global_colors_info=&#8221;{}&#8221; open=&#8221;off&#8221;]<\/p>\n<p>El \u00fanico aeropuerto de Lima, Per\u00fa es el <a href=\"https:\/\/maps.app.goo.gl\/W45PNeoXAUd4kqSd8\" target=\"_blank\" rel=\"noopener\"><strong>Aeropuerto Internacional Jorge Ch\u00e1vez<\/strong><\/a>.<\/p>\n<p>[\/et_pb_accordion_item][et_pb_accordion_item title=&#8221;\u00bfHay transporte del aeropuerto al hotel y del hotel al aeropuerto?&#8221; _builder_version=&#8221;4.27.4&#8243; _module_preset=&#8221;default&#8221; hover_enabled=&#8221;0&#8243; global_colors_info=&#8221;{}&#8221; open=&#8221;off&#8221; sticky_enabled=&#8221;0&#8243;]El servicio de taxis es frecuente y seguro si lo tomas de dentro del aeropuerto. <\/p>\n<p>\ud83d\ude97 Auto: Apto\/Hotel USD 29.50 incluido impuestos.<\/p>\n<p>\ud83d\ude90 Van (6 personas) Apto\/Hotel USD 49.16 incluido impuestos<\/p>\n<p>\ud83d\ude8dBus: hay autobuses que salen del aeropuerto hacia diferentes puntos de Lima, el bus Airport Express Lima lleva a Miraflores, el paradero m\u00e1s cercano al Estelar es el paradero Parque Kennedy, que deja a los pasajeros a 3 cuadras del hotel. El costo es de $6 USD. Pueden verificar los horarios, paraderos y costos aqu\u00ed:<\/p>\n<p><a href=\"https:\/\/www.airportexpresslima.com\/es\/elige-tu-parada\/\" target=\"_blank\" rel=\"noopener\">https:\/\/www.airportexpresslima.com\/es\/elige-tu-parada\/<\/a><\/p>\n<p>[\/et_pb_accordion_item][et_pb_accordion_item title=&#8221;\u00bfCu\u00e1l es la direcci\u00f3n del Hotel Estelar?&#8221; _builder_version=&#8221;4.27.4&#8243; _module_preset=&#8221;default&#8221; global_colors_info=&#8221;{}&#8221; open=&#8221;off&#8221;]<\/p>\n<p><strong><a href=\"https:\/\/maps.app.goo.gl\/KmVa4MMRZU4sudwH6\" target=\"_blank\" rel=\"noopener\">Av. Alfredo Benavides 415, Miraflores, CP. 15074, Lima, Per\u00fa<\/a><\/strong><\/p>\n<p>[\/et_pb_accordion_item][et_pb_accordion_item title=&#8221;\u00bfCu\u00e1ntos d\u00edas dura la conferencia?&#8221; _builder_version=&#8221;4.27.4&#8243; _module_preset=&#8221;default&#8221; global_colors_info=&#8221;{}&#8221; open=&#8221;off&#8221;]Tres d\u00edas y dos noches.[\/et_pb_accordion_item][et_pb_accordion_item title=&#8221;\u00bfPuedo llevar a mis hijes?&#8221; _builder_version=&#8221;4.27.4&#8243; _module_preset=&#8221;default&#8221; global_colors_info=&#8221;{}&#8221; open=&#8221;off&#8221;]El evento no est\u00e1 dise\u00f1ado para infancias, sin embargo, si tienes la necesidad puedes hacerlo cubriendo el costo de su boleto a la conferencia, as\u00ed como sus gastos en general.[\/et_pb_accordion_item][et_pb_accordion_item title=&#8221;\u00bfLa sede es accesible para personas con sillas de ruedas?&#8221; _builder_version=&#8221;4.27.4&#8243; _module_preset=&#8221;default&#8221; global_colors_info=&#8221;{}&#8221; open=&#8221;off&#8221;]S\u00ed. El ingreso a la sala de conferencia y la sala para el almuerzo son accesibles. <\/p>\n<p>Para el uso de los servicios, la persona se debe trasladar por el elevador al piso 21.[\/et_pb_accordion_item][et_pb_accordion_item title=&#8221;\u00bfPuedo llevar a mis animales de servicio y\/o compa\u00f1\u00eda?&#8221; _builder_version=&#8221;4.27.4&#8243; _module_preset=&#8221;default&#8221; global_colors_info=&#8221;{}&#8221; open=&#8221;off&#8221;]S\u00ed, de servicio con la debida identificaci\u00f3n y certificaci\u00f3n.[\/et_pb_accordion_item][et_pb_accordion_item title=&#8221;\u00bfHay alg\u00fan lugar donde pueda hacer networking antes de la conferencia?&#8221; _builder_version=&#8221;4.27.4&#8243; _module_preset=&#8221;default&#8221; global_colors_info=&#8221;{}&#8221; open=&#8221;off&#8221;]Sientanse en la libertad de organizarse de realizar networking durante la comida, la cena y al finalizar los horarios de las conferencias o en alguna de las salas disponibles en el hotel que tendr\u00e1 el evento a su servicio.  <\/p>\n<p>Pueden tambi\u00e9n unirse al canal de Telegram creado para los participantes. Este enlace ser\u00e1 entregado solo a aquellas personas que est\u00e9n registradas. [\/et_pb_accordion_item][et_pb_accordion_item title=&#8221;\u00bfHay restaurantes veganos cerca?&#8221; _builder_version=&#8221;4.27.4&#8243; _module_preset=&#8221;default&#8221; global_colors_info=&#8221;{}&#8221; open=&#8221;off&#8221;]<\/p>\n<p>S\u00ed, puedes ver la lista de restaurantes aptos para veganos <a href=\"https:\/\/encuentroporlosanimales.org\/evento\/encuentro-por-los-animales-2025\/\" target=\"_blank\" rel=\"noopener\"><strong>aqu\u00ed<\/strong><\/a>.<\/p>\n<p>[\/et_pb_accordion_item][et_pb_accordion_item title=&#8221;\u00bfDebo usar cubrebocas?&#8221; _builder_version=&#8221;4.27.4&#8243; _module_preset=&#8221;default&#8221; global_colors_info=&#8221;{}&#8221; open=&#8221;off&#8221;]<\/p>\n<p>Recomendamos su uso opcional.<\/p>\n<p>[\/et_pb_accordion_item][et_pb_accordion_item title=&#8221;Mi duda no est\u00e1 aqu\u00ed, \u00bfA d\u00f3nde me comunico?&#8221; _builder_version=&#8221;4.27.4&#8243; _module_preset=&#8221;default&#8221; global_colors_info=&#8221;{}&#8221; open=&#8221;off&#8221;]Si no encuentras tu duda, escr\u00edbenos a contacto@encuentroanimal.org [\/et_pb_accordion_item][\/et_pb_accordion][et_pb_text _builder_version=&#8221;4.27.4&#8243; _module_preset=&#8221;default&#8221; header_font=&#8221;|800|||||||&#8221; header_text_color=&#8221;#603813&#8243; header_2_font=&#8221;|700||on|||||&#8221; header_2_text_color=&#8221;gcid-1fbcd44d-25a2-4361-a1db-d46dba18527a&#8221; custom_padding=&#8221;||10px||false|false&#8221; border_width_bottom=&#8221;2px&#8221; border_color_bottom=&#8221;gcid-364c089f-5031-4320-91af-1796e27661e4&#8243; locked=&#8221;off&#8221; global_colors_info=&#8221;{%22gcid-1fbcd44d-25a2-4361-a1db-d46dba18527a%22:%91%22header_2_text_color%22%93,%22gcid-364c089f-5031-4320-91af-1796e27661e4%22:%91%22border_color_bottom%22%93}&#8221;]<\/p>\n<h2>Restricciones alimenticias <\/h2>\n<p>[\/et_pb_text][et_pb_accordion open_toggle_background_color=&#8221;#e3dcd6&#8243; closed_toggle_text_color=&#8221;#FFFFFF&#8221; closed_toggle_background_color=&#8221;#af236b&#8221; icon_color=&#8221;#603813&#8243; use_icon_font_size=&#8221;on&#8221; icon_font_size=&#8221;24px&#8221; _builder_version=&#8221;4.27.4&#8243; _module_preset=&#8221;default&#8221; toggle_text_color=&#8221;#603813&#8243; toggle_font_size=&#8221;33px&#8221; toggle_line_height=&#8221;1.3em&#8221; closed_toggle_font_size=&#8221;33px&#8221; body_text_color=&#8221;#141414&#8243; body_ol_item_indent=&#8221;5px&#8221; toggle_font_size_tablet=&#8221;33px&#8221; toggle_font_size_phone=&#8221;24px&#8221; toggle_font_size_last_edited=&#8221;on|desktop&#8221; closed_toggle_font_size_tablet=&#8221;33px&#8221; closed_toggle_font_size_phone=&#8221;24px&#8221; closed_toggle_font_size_last_edited=&#8221;on|tablet&#8221; border_radii=&#8221;on|16px|16px|16px|16px&#8221; locked=&#8221;off&#8221; global_colors_info=&#8221;{%22gcid-52970a49-6105-41c7-9efa-dfa33d7fbc12%22:%91%22open_toggle_background_color%22%93,%22gcid-34b9b63d-6b89-45be-8a00-b072c7d3b5b7%22:%91%22closed_toggle_background_color%22%93}&#8221;][et_pb_accordion_item title=&#8221;\u00bfLos alimentos incluidos en la conferencia ser\u00e1n todos basados en plantas?&#8221; open=&#8221;on&#8221; _builder_version=&#8221;4.27.4&#8243; _module_preset=&#8221;default&#8221; global_colors_info=&#8221;{}&#8221;]S\u00ed, todos los alimentos ser\u00e1n basados en plantas.[\/et_pb_accordion_item][et_pb_accordion_item title=&#8221;Soy al\u00e9rgica a ciertos alimentos o si tengo algunas restricciones alimenticias. \u00bfCon qui\u00e9n puedo dirigirme para especificarlo?&#8221; _builder_version=&#8221;4.27.4&#8243; _module_preset=&#8221;default&#8221; global_colors_info=&#8221;{}&#8221; open=&#8221;off&#8221;]Si tienes alergia o sensibilidad a alg\u00fan alimento por favor comunicalo lo m\u00e1s antes posible al correo  contacto@encuentroanimal.org [\/et_pb_accordion_item][\/et_pb_accordion][\/et_pb_column][\/et_pb_row][\/et_pb_section]<\/p>\n","protected":false},"excerpt":{"rendered":"<p>Encuentro Por los AnimalesPreguntas generales3, 4 y 5 de octubre del 2025, la sede es el Hotel Estelar ubicado en Av. Alfredo Benavides 415, Miraflores, CP. 15074, Lima, Per\u00fa.Pajarito tempranero [&hellip;]<\/p>\n","protected":false},"author":1,"featured_media":0,"parent":0,"menu_order":0,"comment_status":"closed","ping_status":"closed","template":"","meta":{"_et_pb_use_builder":"on","_et_pb_old_content":"","_et_gb_content_width":"","_price":"","_stock":"","_tribe_ticket_header":"","_tribe_default_ticket_provider":"TEC\\Tickets\\Commerce\\Module","_ticket_start_date":"","_ticket_end_date":"","_tribe_ticket_show_description":"","_tribe_ticket_show_not_going":false,"_tribe_ticket_use_global_stock":"","_tribe_ticket_global_stock_level":"","_global_stock_mode":"","_global_stock_cap":"","_tribe_rsvp_for_event":"","_tribe_ticket_going_count":"","_tribe_ticket_not_going_count":"","_tribe_tickets_list":"[]","_tribe_ticket_has_attendee_info_fields":false,"footnotes":"","_tec_slr_enabled":"","_tec_slr_layout":""},"class_list":["post-244107","page","type-page","status-publish","hentry"],"ticketed":false,"_links":{"self":[{"href":"https:\/\/encuentroporlosanimales.org\/pt\/wp-json\/wp\/v2\/pages\/244107","targetHints":{"allow":["GET"]}}],"collection":[{"href":"https:\/\/encuentroporlosanimales.org\/pt\/wp-json\/wp\/v2\/pages"}],"about":[{"href":"https:\/\/encuentroporlosanimales.org\/pt\/wp-json\/wp\/v2\/types\/page"}],"author":[{"embeddable":true,"href":"https:\/\/encuentroporlosanimales.org\/pt\/wp-json\/wp\/v2\/users\/1"}],"replies":[{"embeddable":true,"href":"https:\/\/encuentroporlosanimales.org\/pt\/wp-json\/wp\/v2\/comments?post=244107"}],"version-history":[{"count":31,"href":"https:\/\/encuentroporlosanimales.org\/pt\/wp-json\/wp\/v2\/pages\/244107\/revisions"}],"predecessor-version":[{"id":306471,"href":"https:\/\/encuentroporlosanimales.org\/pt\/wp-json\/wp\/v2\/pages\/244107\/revisions\/306471"}],"wp:attachment":[{"href":"https:\/\/encuentroporlosanimales.org\/pt\/wp-json\/wp\/v2\/media?parent=244107"}],"curies":[{"name":"wp","href":"https:\/\/api.w.org\/{rel}","templated":true}]}}