{"id":242477,"date":"2025-01-21T13:42:58","date_gmt":"2025-01-21T19:42:58","guid":{"rendered":"https:\/\/encuentroporlosanimales.org\/?page_id=242477"},"modified":"2025-04-24T13:06:15","modified_gmt":"2025-04-24T19:06:15","slug":"politicas-exa-encuentro-por-los-animales","status":"publish","type":"page","link":"https:\/\/encuentroporlosanimales.org\/pt\/politicas-exa-encuentro-por-los-animales\/","title":{"rendered":"Pol\u00edticas da EXA"},"content":{"rendered":"<p>[et_pb_section fb_built=&#8221;1&#8243; _builder_version=&#8221;4.27.4&#8243; _module_preset=&#8221;default&#8221; background_color=&#8221;#603813&#8243; background_image=&#8221;https:\/\/encuentroporlosanimales.org\/wp-content\/uploads\/2025\/01\/exa-fondos-hojas-2.png&#8221; background_blend=&#8221;screen&#8221; custom_margin=&#8221;0px||0px||true|false&#8221; custom_padding=&#8221;25px||15px||false|false&#8221; global_module=&#8221;242857&#8243; saved_tabs=&#8221;all&#8221; locked=&#8221;off&#8221; global_colors_info=&#8221;{}&#8221;][et_pb_row _builder_version=&#8221;4.27.4&#8243; _module_preset=&#8221;default&#8221; custom_padding=&#8221;||24px|||&#8221; global_colors_info=&#8221;{}&#8221;][et_pb_column type=&#8221;4_4&#8243; _builder_version=&#8221;4.27.4&#8243; _module_preset=&#8221;default&#8221; global_colors_info=&#8221;{}&#8221;][et_pb_text _builder_version=&#8221;4.27.4&#8243; _dynamic_attributes=&#8221;content&#8221; _module_preset=&#8221;default&#8221; header_font=&#8221;|700|||||||&#8221; header_text_align=&#8221;center&#8221; header_text_color=&#8221;#FFFFFF&#8221; background_color=&#8221;gcid-34b9b63d-6b89-45be-8a00-b072c7d3b5b7&#8243; width=&#8221;65vw&#8221; width_tablet=&#8221;65vw&#8221; width_phone=&#8221;65vw&#8221; width_last_edited=&#8221;on|desktop&#8221; module_alignment=&#8221;center&#8221; custom_margin=&#8221;||16px|||&#8221; custom_padding=&#8221;19px|15px|5px|15px|false|true&#8221; global_colors_info=&#8221;{%22gcid-34b9b63d-6b89-45be-8a00-b072c7d3b5b7%22:%91%22background_color%22%93}&#8221;]@ET-DC@eyJkeW5hbWljIjp0cnVlLCJjb250ZW50IjoicG9zdF90aXRsZSIsInNldHRpbmdzIjp7ImJlZm9yZSI6IjxoMT4iLCJhZnRlciI6IjwvaDE+In19@[\/et_pb_text][et_pb_text _builder_version=&#8221;4.27.4&#8243; _module_preset=&#8221;default&#8221; text_font=&#8221;|600||on|||||&#8221; text_text_color=&#8221;#FF7BA4&#8243; header_3_text_color=&#8221;#FF7BA4&#8243; text_orientation=&#8221;center&#8221; global_colors_info=&#8221;{}&#8221;]<\/p>\n<h3>Encuentro Por los Animales<\/h3>\n<p>[\/et_pb_text][\/et_pb_column][\/et_pb_row][\/et_pb_section][et_pb_section fb_built=&#8221;1&#8243; _builder_version=&#8221;4.27.4&#8243; _module_preset=&#8221;default&#8221; width=&#8221;100%&#8221; module_alignment=&#8221;center&#8221; custom_margin=&#8221;0px||0px||true|false&#8221; custom_padding=&#8221;0px||0px||true|false&#8221; global_module=&#8221;242282&#8243; saved_tabs=&#8221;all&#8221; locked=&#8221;off&#8221; global_colors_info=&#8221;{}&#8221;][et_pb_row _builder_version=&#8221;4.27.4&#8243; _module_preset=&#8221;default&#8221; width=&#8221;100%&#8221; module_alignment=&#8221;center&#8221; custom_margin=&#8221;0px||0px||true|false&#8221; custom_padding=&#8221;0px||0px||true|false&#8221; global_colors_info=&#8221;{}&#8221;][et_pb_column type=&#8221;4_4&#8243; _builder_version=&#8221;4.27.4&#8243; _module_preset=&#8221;default&#8221; global_colors_info=&#8221;{}&#8221;][et_pb_image src=&#8221;https:\/\/encuentroporlosanimales.org\/wp-content\/uploads\/2025\/01\/FranjaColores.png&#8221; alt=&#8221;Encuentro Animalista en Ciudad de M\u00e9xico, Encuentro por los Animales&#8221; title_text=&#8221;FranjaColores&#8221; align=&#8221;center&#8221; force_fullwidth=&#8221;on&#8221; _builder_version=&#8221;4.27.4&#8243; _module_preset=&#8221;default&#8221; global_colors_info=&#8221;{}&#8221;][\/et_pb_image][\/et_pb_column][\/et_pb_row][\/et_pb_section][et_pb_section fb_built=&#8221;1&#8243; _builder_version=&#8221;4.27.4&#8243; _module_preset=&#8221;default&#8221; background_image=&#8221;https:\/\/encuentroporlosanimales.org\/wp-content\/uploads\/2025\/04\/urraca-left-gris-claro-1.svg&#8221; background_size=&#8221;custom&#8221; background_image_width=&#8221;30%&#8221; background_position=&#8221;top_right&#8221; hover_enabled=&#8221;0&#8243; background_last_edited=&#8221;on|desktop&#8221; global_colors_info=&#8221;{}&#8221; alt=&#8221;Encuentro por los Animales, Lima Per\u00fa, Octubre 2025&#8243; title_text=&#8221;urraca-left-gris-claro&#8221; sticky_enabled=&#8221;0&#8243;][et_pb_row column_structure=&#8221;1_3,2_3&#8243; _builder_version=&#8221;4.27.4&#8243; _module_preset=&#8221;default&#8221; global_colors_info=&#8221;{}&#8221;][et_pb_column type=&#8221;1_3&#8243; _builder_version=&#8221;4.27.4&#8243; _module_preset=&#8221;default&#8221; global_colors_info=&#8221;{}&#8221;][et_pb_image src=&#8221;https:\/\/encuentroporlosanimales.org\/wp-content\/uploads\/2025\/01\/logo-exa-color.svg&#8221; alt=&#8221;Encuentro por los Animales, CDMX 2025, adquiere tus boletos&#8221; title_text=&#8221;Encuentro por los Animales, CDMX 2025, adquiere tus boletos&#8221; _builder_version=&#8221;4.27.4&#8243; _module_preset=&#8221;default&#8221; width_tablet=&#8221;30vw&#8221; width_phone=&#8221;50vw&#8221; width_last_edited=&#8221;on|phone&#8221; module_alignment=&#8221;center&#8221; global_colors_info=&#8221;{}&#8221;][\/et_pb_image][\/et_pb_column][et_pb_column type=&#8221;2_3&#8243; _builder_version=&#8221;4.27.4&#8243; _module_preset=&#8221;default&#8221; global_colors_info=&#8221;{}&#8221;][et_pb_accordion open_toggle_background_color=&#8221;#e3dcd6&#8243; closed_toggle_text_color=&#8221;#FFFFFF&#8221; closed_toggle_background_color=&#8221;#af236b&#8221; icon_color=&#8221;#603813&#8243; use_icon_font_size=&#8221;on&#8221; icon_font_size=&#8221;24px&#8221; _builder_version=&#8221;4.27.4&#8243; _module_preset=&#8221;default&#8221; toggle_text_color=&#8221;#603813&#8243; toggle_font_size=&#8221;33px&#8221; toggle_line_height=&#8221;1.3em&#8221; closed_toggle_font_size=&#8221;33px&#8221; body_text_color=&#8221;#141414&#8243; body_ol_item_indent=&#8221;5px&#8221; toggle_font_size_tablet=&#8221;33px&#8221; toggle_font_size_phone=&#8221;24px&#8221; toggle_font_size_last_edited=&#8221;on|desktop&#8221; closed_toggle_font_size_tablet=&#8221;33px&#8221; closed_toggle_font_size_phone=&#8221;24px&#8221; closed_toggle_font_size_last_edited=&#8221;on|tablet&#8221; border_radii=&#8221;on|16px|16px|16px|16px&#8221; global_colors_info=&#8221;{%22gcid-52970a49-6105-41c7-9efa-dfa33d7fbc12%22:%91%22open_toggle_background_color%22%93,%22gcid-34b9b63d-6b89-45be-8a00-b072c7d3b5b7%22:%91%22closed_toggle_background_color%22%93}&#8221;][et_pb_accordion_item title=&#8221;Pol\u00edtica contra el acoso y la discriminaci\u00f3n&#8221; open=&#8221;on&#8221; _builder_version=&#8221;4.27.4&#8243; _module_preset=&#8221;default&#8221; global_colors_info=&#8221;{}&#8221;]<\/p>\n<p><b>En el Encuentro por los Animales (EXA) nos oponemos a todas las formas de acoso basadas en origen \u00e9tnico, g\u00e9nero, identidad o expresi\u00f3n de g\u00e9nero, orientaci\u00f3n sexual, edad, apariencia, discapacidad, religi\u00f3n, estatus migratorio y\/o estado civil.<\/b><\/p>\n<p><b>Si nos informan que alg\u00fan miembrx, facilitadorx, patrocinadorx, asistente, ponente, expositorx, becarix, voluntarix u organizadora ha tenido durante el evento un comportamiento inapropiado que cause inseguridad en el resto de lxs presentes, nos reservamos el derecho de tomar las medidas necesarias.<\/b><\/p>\n<ol>\n<li style=\"font-weight: 400;\" aria-level=\"1\"><span style=\"font-weight: 400;\">Como asistente, ponente, expositor, becarix o voluntarix del Encuentro por los Animales (EXA) te comprometes a tratar a lxs dem\u00e1s con respeto y a ser parte de una comunidad segura e inclusiva. En nuestra comunicaci\u00f3n interna y externa se promueve el uso del lenguaje inclusivo y el correcto uso de los pronombres con quien cada persona se identifique.<\/span><\/li>\n<li style=\"font-weight: 400;\" aria-level=\"1\"><span style=\"font-weight: 400;\">Cualquier persona que asista al Encuentro por los Animales (EXA) y que crea que ha sido testigo o ha sido objeto de acoso o discriminaci\u00f3n debe informarlo de inmediato a la organizaci\u00f3n general.<\/span><\/li>\n<li style=\"font-weight: 400;\" aria-level=\"1\"><span style=\"font-weight: 400;\">Si se nos informa o se descubre que alguien ha tenido un comportamiento acosador, amenazante, inapropiado o inseguro durante el evento, las organizadoras nos reservamos el derecho de tomar las medidas razonables y necesarias.<\/span><\/li>\n<li style=\"font-weight: 400;\" aria-level=\"1\"><span style=\"font-weight: 400;\">Respetamos a todas las personas y NO nos referimos a otrxs de forma clasista, racista, colorista, sexista. Si se da alg\u00fan comentario hablamos al respecto, pues sabemos que estamos aprendiendo.<\/span><\/li>\n<li style=\"font-weight: 400;\" aria-level=\"1\"><span style=\"font-weight: 400;\">Somos muy cuidadosas al referirnos a otros movimientos, no desacreditamos otras luchas, nos informamos antes de hacer cr\u00edticas y comparaciones porque sabemos que todas las opresiones ocurren y se desarrollan en un contexto, tiempo y poblaci\u00f3n determinadas.<\/span><\/li>\n<li style=\"font-weight: 400;\" aria-level=\"1\"><span style=\"font-weight: 400;\">Ninguna pol\u00edtica puede enumerar completamente todas las formas de acoso, por lo que la capacitaci\u00f3n y educaci\u00f3n constantes deben ser una prioridad. Cualquier denuncia de acoso, discriminaci\u00f3n o represalias ocurridas durante el EXA ser\u00e1n investigadas de manera inmediata. La investigaci\u00f3n puede incluir entrevistas individuales con las partes involucradas y, cuando sea necesario, con personas que hayan presenciado la conducta denunciada o que puedan tener o que tengan conocimiento del mismo. Al concluir la investigaci\u00f3n, tanto la persona que present\u00f3 la queja como cualquier individux acusadx de acoso o discriminaci\u00f3n, ser\u00e1n notificadxs del resultado de la investigaci\u00f3n, incluyendo las medidas disciplinarias o administrativas que se tomar\u00e1n.<\/span><\/li>\n<li style=\"font-weight: 400;\" aria-level=\"1\"><span style=\"font-weight: 400;\">Cualquier otro caso sucedido durante el evento no previsto por esta pol\u00edtica de acoso y discriminaci\u00f3n ser\u00e1 abordado de acuerdo a sus caracter\u00edsticas.<\/span><\/li>\n<\/ol>\n<p>&nbsp;<\/p>\n<p>[\/et_pb_accordion_item][et_pb_accordion_item title=&#8221;Deslinde de responsabilidades&#8221; _builder_version=&#8221;4.27.4&#8243; _module_preset=&#8221;default&#8221; global_colors_info=&#8221;{}&#8221; open=&#8221;off&#8221;]<\/p>\n<ol>\n<li style=\"font-weight: 400;\" aria-level=\"1\"><span style=\"font-weight: 400;\">El Encuentro por los Animales (EXA), es una organizaci\u00f3n sin fines de lucro creado para capacitar y conectar activistas originarios y residentes de alg\u00fan pa\u00eds de Am\u00e9rica Latina y el Caribe, que realicen acciones antiespecistas, por los derechos de los animales, as\u00ed como por la promoci\u00f3n del veganismo popular y de la alimentaci\u00f3n basadas en plantas. Como tal, tanto el EXA como sus organizadoras contamos con autonom\u00eda en el ejercicio ideol\u00f3gico de nuestros valores, objetivos, misi\u00f3n y acciones; las cuales son independientes a las de las fondeadoras, patrocinadores, organizaciones invitadas, ponentes, representantes de ONGs, expositores, asistentes, aliadxs del evento, becarixs, voluntarixs, etc\u00e9tera.<\/span><\/li>\n<li style=\"font-weight: 400;\" aria-level=\"1\"><span style=\"font-weight: 400;\">El Encuentro por los Animales (EXA) no es una cumbre creada para la censura o la cancelaci\u00f3n de las personas, organizaciones, asociaciones, grupos y activismos que no practiquen el veganismo ni el antiespecismo como es concebido y dictado por las posturas y miradas del norte global. Consideramos que dicha concepci\u00f3n es punitivista, blanca, colonial, racista, patriarcal, y nos aleja de poder conciliar con la diferencia y de construir desde y con ella.<\/span><\/li>\n<li style=\"font-weight: 400;\" aria-level=\"1\"><span style=\"font-weight: 400;\">Como EXA y como organizadoras reconocemos la existencia de conflictos de inter\u00e9s que persisten o puedan persistir entre nuestrxs invitadxs, asistentes, ponentes, expositores, becarixs, voluntarixs, patrocinadores, etc\u00e9tera, y las organizaciones participantes o fondeadoras.<\/span><\/li>\n<li style=\"font-weight: 400;\" aria-level=\"1\"><span style=\"font-weight: 400;\">Derivado de lo anterior y situaciones varias, EXA y sus organizadoras nos solidarizamos con las, los y les activistas quienes hayan vivido alg\u00fan tipo de violencia por parte de algunx compa\u00f1erx activista, organizaci\u00f3n, integrante de la misma o cualquier otra presente o no en esta edici\u00f3n. Enunciamos la realidad de la opresi\u00f3n experimentada y empatizamos con ustedes y las afectaciones que, derivadas de dicha experiencia, est\u00e9n presentes al d\u00eda de hoy. Cada caso de conflicto de inter\u00e9s que se nos visibilice ser\u00e1 revisado en su contexto, conforme los tiempos que la organizaci\u00f3n disponga y de acuerdo a nuestra pol\u00edtica contra el acoso y la discriminaci\u00f3n.\u00a0<\/span><\/li>\n<li style=\"font-weight: 400;\" aria-level=\"1\"><span style=\"font-weight: 400;\">En Encuentro por los Animales reconocemos que todas las formas de opresi\u00f3n est\u00e1n interconectadas, se entrelazan y nos afectan en distintos niveles. Nos oponemos a cualquier enfoque que promueva un movimiento homog\u00e9neo, con discursos coloniales, y que ignore las realidades latinoamericanas. Nos solidarizamos con los grupos y activistas populares, y rechazamos la violencia tanto dentro como fuera del movimiento antiespecista. Apoyamos su decisi\u00f3n de no colaborar con organizaciones que hayan perpetuado o mantenido estructuras de violencia y discriminaci\u00f3n hacia sus trabajadores o voluntarixs.<\/span><\/li>\n<li style=\"font-weight: 400;\" aria-level=\"1\"><span style=\"font-weight: 400;\">Tanto Encuentro por los Animales como sus organizadoras priorizaremos el bienestar de las\/les\/los activistas por los animales, principalmente de aquellxs que trabajan con sus propios recursos; siempre apuntando a ser un espacio para dialogar, conectar, aprender, intercambiar conocimiento, construir desde la diferencia respetuosamente y crear una comunidad s\u00f3lida para trabajar unidxs por los derechos de las y los animales en Latinoam\u00e9rica y el Caribe.<\/span><\/li>\n<\/ol>\n<p>[\/et_pb_accordion_item][\/et_pb_accordion][\/et_pb_column][\/et_pb_row][\/et_pb_section]<\/p>\n","protected":false},"excerpt":{"rendered":"<p>Encuentro Por los AnimalesEn el Encuentro por los Animales (EXA) nos oponemos a todas las formas de acoso basadas en origen \u00e9tnico, g\u00e9nero, identidad o expresi\u00f3n de g\u00e9nero, orientaci\u00f3n sexual, [&hellip;]<\/p>\n","protected":false},"author":1,"featured_media":0,"parent":0,"menu_order":0,"comment_status":"closed","ping_status":"closed","template":"","meta":{"_et_pb_use_builder":"on","_et_pb_old_content":"","_et_gb_content_width":"","_price":"","_stock":"","_tribe_ticket_header":"","_tribe_default_ticket_provider":"TEC\\Tickets\\Commerce\\Module","_ticket_start_date":"","_ticket_end_date":"","_tribe_ticket_show_description":"","_tribe_ticket_show_not_going":false,"_tribe_ticket_use_global_stock":"","_tribe_ticket_global_stock_level":"","_global_stock_mode":"","_global_stock_cap":"","_tribe_rsvp_for_event":"","_tribe_ticket_going_count":"","_tribe_ticket_not_going_count":"","_tribe_tickets_list":"[]","_tribe_ticket_has_attendee_info_fields":false,"footnotes":"","_tec_slr_enabled":"","_tec_slr_layout":""},"class_list":["post-242477","page","type-page","status-publish","hentry"],"ticketed":false,"_links":{"self":[{"href":"https:\/\/encuentroporlosanimales.org\/pt\/wp-json\/wp\/v2\/pages\/242477","targetHints":{"allow":["GET"]}}],"collection":[{"href":"https:\/\/encuentroporlosanimales.org\/pt\/wp-json\/wp\/v2\/pages"}],"about":[{"href":"https:\/\/encuentroporlosanimales.org\/pt\/wp-json\/wp\/v2\/types\/page"}],"author":[{"embeddable":true,"href":"https:\/\/encuentroporlosanimales.org\/pt\/wp-json\/wp\/v2\/users\/1"}],"replies":[{"embeddable":true,"href":"https:\/\/encuentroporlosanimales.org\/pt\/wp-json\/wp\/v2\/comments?post=242477"}],"version-history":[{"count":22,"href":"https:\/\/encuentroporlosanimales.org\/pt\/wp-json\/wp\/v2\/pages\/242477\/revisions"}],"predecessor-version":[{"id":243645,"href":"https:\/\/encuentroporlosanimales.org\/pt\/wp-json\/wp\/v2\/pages\/242477\/revisions\/243645"}],"wp:attachment":[{"href":"https:\/\/encuentroporlosanimales.org\/pt\/wp-json\/wp\/v2\/media?parent=242477"}],"curies":[{"name":"wp","href":"https:\/\/api.w.org\/{rel}","templated":true}]}}