{"id":242568,"date":"2025-01-23T16:47:30","date_gmt":"2025-01-23T22:47:30","guid":{"rendered":"https:\/\/encuentroporlosanimales.org\/?page_id=242568"},"modified":"2025-04-24T18:09:47","modified_gmt":"2025-04-25T00:09:47","slug":"acerca-de-exa","status":"publish","type":"page","link":"https:\/\/encuentroporlosanimales.org\/en\/acerca-de-exa\/","title":{"rendered":"WHO WE ARE"},"content":{"rendered":"<p>[et_pb_section fb_built=&#8221;1&#8243; _builder_version=&#8221;4.27.4&#8243; _module_preset=&#8221;default&#8221; background_color=&#8221;#603813&#8243; background_image=&#8221;https:\/\/encuentroporlosanimales.org\/wp-content\/uploads\/2025\/01\/exa-fondos-hojas-2.png&#8221; background_blend=&#8221;screen&#8221; custom_margin=&#8221;0px||0px||true|false&#8221; custom_padding=&#8221;25px||15px||false|false&#8221; global_module=&#8221;242857&#8243; saved_tabs=&#8221;all&#8221; locked=&#8221;off&#8221; global_colors_info=&#8221;{}&#8221;][et_pb_row _builder_version=&#8221;4.27.4&#8243; _module_preset=&#8221;default&#8221; custom_padding=&#8221;||24px|||&#8221; global_colors_info=&#8221;{}&#8221;][et_pb_column type=&#8221;4_4&#8243; _builder_version=&#8221;4.27.4&#8243; _module_preset=&#8221;default&#8221; global_colors_info=&#8221;{}&#8221;][et_pb_text _builder_version=&#8221;4.27.4&#8243; _dynamic_attributes=&#8221;content&#8221; _module_preset=&#8221;default&#8221; header_font=&#8221;|700|||||||&#8221; header_text_align=&#8221;center&#8221; header_text_color=&#8221;#FFFFFF&#8221; background_color=&#8221;gcid-34b9b63d-6b89-45be-8a00-b072c7d3b5b7&#8243; width=&#8221;65vw&#8221; width_tablet=&#8221;65vw&#8221; width_phone=&#8221;65vw&#8221; width_last_edited=&#8221;on|desktop&#8221; module_alignment=&#8221;center&#8221; custom_margin=&#8221;||16px|||&#8221; custom_padding=&#8221;19px|15px|5px|15px|false|true&#8221; header_font_size_tablet=&#8221;40px&#8221; header_font_size_phone=&#8221;30px&#8221; header_font_size_last_edited=&#8221;on|tablet&#8221; global_colors_info=&#8221;{%22gcid-34b9b63d-6b89-45be-8a00-b072c7d3b5b7%22:%91%22background_color%22%93}&#8221;]@ET-DC@eyJkeW5hbWljIjp0cnVlLCJjb250ZW50IjoicG9zdF90aXRsZSIsInNldHRpbmdzIjp7ImJlZm9yZSI6IjxoMT4iLCJhZnRlciI6IjwvaDE+In19@[\/et_pb_text][et_pb_text _builder_version=&#8221;4.27.4&#8243; _module_preset=&#8221;default&#8221; text_font=&#8221;|600||on|||||&#8221; text_text_color=&#8221;#FF7BA4&#8243; header_3_text_color=&#8221;#FF7BA4&#8243; text_orientation=&#8221;center&#8221; global_colors_info=&#8221;{}&#8221;]<\/p>\n<h3>Encuentro Por los Animales<\/h3>\n<p>[\/et_pb_text][\/et_pb_column][\/et_pb_row][\/et_pb_section][et_pb_section fb_built=&#8221;1&#8243; _builder_version=&#8221;4.27.4&#8243; _module_preset=&#8221;default&#8221; width=&#8221;100%&#8221; module_alignment=&#8221;center&#8221; custom_margin=&#8221;0px||0px||true|false&#8221; custom_padding=&#8221;0px||0px||true|false&#8221; global_module=&#8221;242282&#8243; saved_tabs=&#8221;all&#8221; locked=&#8221;off&#8221; global_colors_info=&#8221;{}&#8221;][et_pb_row _builder_version=&#8221;4.27.4&#8243; _module_preset=&#8221;default&#8221; width=&#8221;100%&#8221; module_alignment=&#8221;center&#8221; custom_margin=&#8221;0px||0px||true|false&#8221; custom_padding=&#8221;0px||0px||true|false&#8221; global_colors_info=&#8221;{}&#8221;][et_pb_column type=&#8221;4_4&#8243; _builder_version=&#8221;4.27.4&#8243; _module_preset=&#8221;default&#8221; global_colors_info=&#8221;{}&#8221;][et_pb_image src=&#8221;https:\/\/encuentroporlosanimales.org\/wp-content\/uploads\/2025\/01\/FranjaColores.png&#8221; alt=&#8221;Encuentro Animalista en Ciudad de M\u00e9xico, Encuentro por los Animales&#8221; title_text=&#8221;FranjaColores&#8221; align=&#8221;center&#8221; force_fullwidth=&#8221;on&#8221; _builder_version=&#8221;4.27.4&#8243; _module_preset=&#8221;default&#8221; global_colors_info=&#8221;{}&#8221;][\/et_pb_image][\/et_pb_column][\/et_pb_row][\/et_pb_section][et_pb_section fb_built=&#8221;1&#8243; _builder_version=&#8221;4.27.4&#8243; _module_preset=&#8221;default&#8221; background_color=&#8221;#E3DCD6&#8243; background_image=&#8221;https:\/\/encuentroporlosanimales.org\/wp-content\/uploads\/2025\/01\/isotipo-exa-color.svg&#8221; background_size=&#8221;custom&#8221; background_image_width=&#8221;20%&#8221; background_position=&#8221;top_right&#8221; background_vertical_offset=&#8221;11%&#8221; background_blend=&#8221;multiply&#8221; custom_margin=&#8221;||||true&#8221; custom_padding=&#8221;54px||13px||false|false&#8221; hover_enabled=&#8221;0&#8243; background_last_edited=&#8221;on|phone&#8221; background_size_tablet=&#8221;custom&#8221; background_size_phone=&#8221;custom&#8221; background_image_width_tablet=&#8221;22%&#8221; background_image_width_phone=&#8221;30%&#8221; background_horizontal_offset_tablet=&#8221;3%&#8221; background_horizontal_offset_phone=&#8221;-10%&#8221; background_vertical_offset_phone=&#8221;0%&#8221; locked=&#8221;off&#8221; global_colors_info=&#8221;{}&#8221; sticky_enabled=&#8221;0&#8243;][et_pb_row _builder_version=&#8221;4.27.4&#8243; _module_preset=&#8221;default&#8221; custom_padding=&#8221;||27px|||&#8221; global_colors_info=&#8221;{}&#8221;][et_pb_column type=&#8221;4_4&#8243; _builder_version=&#8221;4.27.4&#8243; _module_preset=&#8221;default&#8221; global_colors_info=&#8221;{}&#8221;][et_pb_text admin_label=&#8221;Learn How Our Programm Can Help You Achieve the Pinnacle&#8221; _builder_version=&#8221;4.27.4&#8243; _module_preset=&#8221;default&#8221; text_text_color=&#8221;#f1954a&#8221; text_font_size=&#8221;16px&#8221; header_2_font=&#8221;|800||on|||||&#8221; header_2_text_color=&#8221;#FFFFFF&#8221; header_2_font_size=&#8221;48px&#8221; background_color=&#8221;#603813&#8243; transform_translate_linked=&#8221;off&#8221; width=&#8221;65vw&#8221; module_alignment=&#8221;left&#8221; custom_margin=&#8221;||||false|false&#8221; custom_padding=&#8221;18px|15px|10px|15px|false|true&#8221; text_font_size_tablet=&#8221;14px&#8221; text_font_size_phone=&#8221;14px&#8221; text_font_size_last_edited=&#8221;on|tablet&#8221; header_2_font_size_tablet=&#8221;44px&#8221; header_2_font_size_phone=&#8221;30px&#8221; header_2_font_size_last_edited=&#8221;on|phone&#8221; global_colors_info=&#8221;{%22gcid-3ececbe6-3d5f-494b-9ef0-c80bb0669521%22:%91%22header_2_text_color%22%93}&#8221;]<\/p>\n<h2>Nuestra visi\u00f3n<\/h2>\n<p>[\/et_pb_text][et_pb_text _builder_version=&#8221;4.27.4&#8243; _module_preset=&#8221;default&#8221; width=&#8221;65vw&#8221; width_tablet=&#8221;65vw&#8221; width_phone=&#8221;65vw&#8221; width_last_edited=&#8221;on|phone&#8221; custom_margin=&#8221;25px|||||&#8221; global_colors_info=&#8221;{}&#8221;]Contribuir a poner el activismo latinoamericano en el mapa global, dar a conocer nuestros logros y compartir con el mundo nuestros retos y soluciones.[\/et_pb_text][\/et_pb_column][\/et_pb_row][et_pb_row _builder_version=&#8221;4.27.4&#8243; _module_preset=&#8221;default&#8221; custom_padding=&#8221;11px||5px|||&#8221; global_colors_info=&#8221;{}&#8221;][et_pb_column type=&#8221;4_4&#8243; _builder_version=&#8221;4.27.4&#8243; _module_preset=&#8221;default&#8221; global_colors_info=&#8221;{}&#8221;][et_pb_code admin_label=&#8221;Anchor info&#8221; _builder_version=&#8221;4.27.4&#8243; _module_preset=&#8221;default&#8221; custom_margin=&#8221;||22px|||&#8221; locked=&#8221;off&#8221; global_colors_info=&#8221;{}&#8221;]<a name=\"mision\"><\/a>[\/et_pb_code][et_pb_text admin_label=&#8221;Learn How Our Programm Can Help You Achieve the Pinnacle&#8221; _builder_version=&#8221;4.27.4&#8243; _module_preset=&#8221;default&#8221; text_text_color=&#8221;#f1954a&#8221; text_font_size=&#8221;16px&#8221; header_2_font=&#8221;|800||on|||||&#8221; header_2_text_color=&#8221;#FFFFFF&#8221; header_2_font_size=&#8221;48px&#8221; background_color=&#8221;gcid-34b9b63d-6b89-45be-8a00-b072c7d3b5b7&#8243; transform_translate_linked=&#8221;off&#8221; width=&#8221;65vw&#8221; module_alignment=&#8221;left&#8221; custom_margin=&#8221;||||false|false&#8221; custom_padding=&#8221;18px|15px|10px|15px|false|true&#8221; text_font_size_tablet=&#8221;14px&#8221; text_font_size_phone=&#8221;14px&#8221; text_font_size_last_edited=&#8221;on|tablet&#8221; header_2_font_size_tablet=&#8221;44px&#8221; header_2_font_size_phone=&#8221;30px&#8221; header_2_font_size_last_edited=&#8221;on|phone&#8221; global_colors_info=&#8221;{%22gcid-3ececbe6-3d5f-494b-9ef0-c80bb0669521%22:%91%22header_2_text_color%22%93,%22gcid-34b9b63d-6b89-45be-8a00-b072c7d3b5b7%22:%91%22background_color%22%93}&#8221;]<\/p>\n<h2>Nuestra misi\u00f3n<\/h2>\n<p>[\/et_pb_text][et_pb_text _builder_version=&#8221;4.27.4&#8243; _module_preset=&#8221;default&#8221; width=&#8221;65vw&#8221; width_tablet=&#8221;65vw&#8221; width_phone=&#8221;65vw&#8221; width_last_edited=&#8221;on|phone&#8221; custom_margin=&#8221;25px|||||&#8221; global_colors_info=&#8221;{}&#8221;]<\/p>\n<p>Nuestra misi\u00f3n es unir y brindar herramientas \u00fatiles a las personas que abogan por los derechos de los animales en toda Am\u00e9rica Latina en un esfuerzo de colaboraci\u00f3n para promover la compasi\u00f3n, la justicia y la dignidad de todos los seres sintientes.<\/p>\n<p>A trav\u00e9s de la educaci\u00f3n, las campa\u00f1as que crean presi\u00f3n legislativa y la solidaridad comunitaria, nos esforzamos por crear conciencia sobre el trato \u00e9tico de los animales e inspirar cambios tangibles dentro de nuestras sociedades.<\/p>\n<p>Juntas, imaginamos un futuro en el que todos los animales sean respetados, protegidos y libres de explotaci\u00f3n, y en el que nuestras acciones reflejen nuestro compromiso de construir un mundo m\u00e1s compasivo para todas, todos y todes.<\/p>\n<p>[\/et_pb_text][et_pb_text admin_label=&#8221;A Turning Point for Many&#8221; _builder_version=&#8221;4.27.4&#8243; _module_preset=&#8221;default&#8221; text_font=&#8221;|600|||||||&#8221; text_text_color=&#8221;#AF236B&#8221; text_font_size=&#8221;24px&#8221; transform_scale_tablet=&#8221;&#8221; transform_scale_phone=&#8221;&#8221; transform_scale_last_edited=&#8221;on|tablet&#8221; transform_translate_tablet=&#8221;0px|0px&#8221; transform_translate_phone=&#8221;0px|0px&#8221; transform_translate_last_edited=&#8221;on|desktop&#8221; transform_translate_linked=&#8221;off&#8221; transform_rotate_tablet=&#8221;&#8221; transform_rotate_phone=&#8221;&#8221; transform_rotate_last_edited=&#8221;on|tablet&#8221; transform_skew_tablet=&#8221;&#8221; transform_skew_phone=&#8221;&#8221; transform_skew_last_edited=&#8221;on|tablet&#8221; transform_origin_tablet=&#8221;&#8221; transform_origin_phone=&#8221;&#8221; transform_origin_last_edited=&#8221;on|tablet&#8221; transform_styles_last_edited=&#8221;on|desktop&#8221; custom_margin=&#8221;||25px||false|false&#8221; text_font_size_tablet=&#8221;14px&#8221; text_font_size_phone=&#8221;14px&#8221; text_font_size_last_edited=&#8221;on|tablet&#8221; transform_styles_tablet=&#8221;&#8221; transform_styles_phone=&#8221;&#8221; global_colors_info=&#8221;{}&#8221;]<\/p>\n<p>Para hacer frente a estos retos:<\/p>\n<p>[\/et_pb_text][\/et_pb_column][\/et_pb_row][et_pb_row column_structure=&#8221;1_3,1_3,1_3&#8243; module_class=&#8221;dtb-equal-height&#8221; _builder_version=&#8221;4.27.4&#8243; _module_preset=&#8221;default&#8221; max_width=&#8221;80%&#8221; custom_padding=&#8221;9px||14px|||&#8221; locked=&#8221;off&#8221; global_colors_info=&#8221;{}&#8221;][et_pb_column type=&#8221;1_3&#8243; _builder_version=&#8221;4.27.4&#8243; _module_preset=&#8221;default&#8221; global_colors_info=&#8221;{}&#8221;][et_pb_blurb title=&#8221;Nos comprometemos&#8221; use_icon=&#8221;on&#8221; font_icon=&#8221;&#xf2b5;||fa||900&#8243; icon_color=&#8221;gcid-5071cc1b-8239-42c5-9ee7-776dca1ea4ca&#8221; image_icon_background_color=&#8221;gcid-34b9b63d-6b89-45be-8a00-b072c7d3b5b7&#8243; image_icon_width=&#8221;36px&#8221; _builder_version=&#8221;4.27.4&#8243; _module_preset=&#8221;default&#8221; header_font=&#8221;&#8211;et_global_heading_font||||||||&#8221; header_text_align=&#8221;center&#8221; header_text_color=&#8221;#84BE3F&#8221; header_font_size=&#8221;30px&#8221; body_font_size=&#8221;17px&#8221; background_color=&#8221;#603813&#8243; image_icon_custom_margin=&#8221;||||false|true&#8221; image_icon_custom_padding=&#8221;8px|50px|8px|50px|true|true&#8221; text_orientation=&#8221;center&#8221; background_layout=&#8221;dark&#8221; custom_margin=&#8221;||30px||false|false&#8221; custom_padding=&#8221;36px|25px|36px|25px|true|true&#8221; border_radii=&#8221;on|16px|16px|16px|16px&#8221; global_colors_info=&#8221;{%22gcid-34b9b63d-6b89-45be-8a00-b072c7d3b5b7%22:%91%22image_icon_background_color%22%93,%22gcid-5071cc1b-8239-42c5-9ee7-776dca1ea4ca%22:%91%22icon_color%22%93}&#8221;]<\/p>\n<p>A capacitar tanto a los activistas con mayor experiencia como a la pr\u00f3xima generaci\u00f3n de j\u00f3venes defensores apasionados que heredar\u00e1n nuestras experiencias y a los que pretendemos preparar para los duros retos a los que se enfrentar\u00e1n en un futuro pr\u00f3ximo. Creemos en el poder de la juventud para impulsar ideas innovadoras y dinamizar la lucha contra la explotaci\u00f3n animal.<\/p>\n<p>[\/et_pb_blurb][\/et_pb_column][et_pb_column type=&#8221;1_3&#8243; _builder_version=&#8221;4.27.4&#8243; _module_preset=&#8221;default&#8221; global_colors_info=&#8221;{}&#8221;][et_pb_blurb title=&#8221;Nuestro objetivo&#8221; use_icon=&#8221;on&#8221; font_icon=&#8221;&#xf140;||fa||900&#8243; icon_color=&#8221;gcid-5071cc1b-8239-42c5-9ee7-776dca1ea4ca&#8221; image_icon_background_color=&#8221;gcid-34b9b63d-6b89-45be-8a00-b072c7d3b5b7&#8243; image_icon_width=&#8221;36px&#8221; _builder_version=&#8221;4.27.4&#8243; _module_preset=&#8221;default&#8221; header_font=&#8221;&#8211;et_global_heading_font||||||||&#8221; header_text_align=&#8221;center&#8221; header_text_color=&#8221;#3DB5D5&#8243; header_font_size=&#8221;30px&#8221; body_font_size=&#8221;17px&#8221; background_color=&#8221;#603813&#8243; image_icon_custom_margin=&#8221;||||false|true&#8221; image_icon_custom_padding=&#8221;8px|50px|8px|50px|true|true&#8221; text_orientation=&#8221;center&#8221; background_layout=&#8221;dark&#8221; custom_margin=&#8221;||30px||false|false&#8221; custom_padding=&#8221;36px|25px|36px|25px|true|true&#8221; border_radii=&#8221;on|16px|16px|16px|16px&#8221; global_colors_info=&#8221;{%22gcid-34b9b63d-6b89-45be-8a00-b072c7d3b5b7%22:%91%22image_icon_background_color%22%93,%22gcid-5071cc1b-8239-42c5-9ee7-776dca1ea4ca%22:%91%22icon_color%22%93}&#8221;]Nuestro objetivo es conectar con activistas de todas las edades, compartiendo experiencias, estrategias y proyectos en curso que inspiren a la acci\u00f3n. Pretendemos fomentar un sentimiento de unidad comprendiendo nuestro prop\u00f3sito com\u00fan y aprendiendo de la historia del movimiento por los derechos de los animales en Am\u00e9rica Latina.[\/et_pb_blurb][\/et_pb_column][et_pb_column type=&#8221;1_3&#8243; _builder_version=&#8221;4.27.4&#8243; _module_preset=&#8221;default&#8221; global_colors_info=&#8221;{}&#8221;][et_pb_blurb title=&#8221;Por encima de todo&#8221; use_icon=&#8221;on&#8221; font_icon=&#8221;&#xf1ae;||fa||900&#8243; icon_color=&#8221;gcid-5071cc1b-8239-42c5-9ee7-776dca1ea4ca&#8221; image_icon_background_color=&#8221;gcid-34b9b63d-6b89-45be-8a00-b072c7d3b5b7&#8243; image_icon_width=&#8221;36px&#8221; _builder_version=&#8221;4.27.4&#8243; _module_preset=&#8221;default&#8221; header_font=&#8221;&#8211;et_global_heading_font||||||||&#8221; header_text_align=&#8221;center&#8221; header_text_color=&#8221;#FF7BA4&#8243; header_font_size=&#8221;30px&#8221; body_font_size=&#8221;17px&#8221; background_color=&#8221;#603813&#8243; image_icon_custom_margin=&#8221;||||false|true&#8221; image_icon_custom_padding=&#8221;8px|50px|8px|50px|true|true&#8221; text_orientation=&#8221;center&#8221; background_layout=&#8221;dark&#8221; custom_margin=&#8221;||30px||false|false&#8221; custom_padding=&#8221;36px|25px|36px|25px|true|true&#8221; border_radii=&#8221;on|16px|16px|16px|16px&#8221; global_colors_info=&#8221;{%22gcid-34b9b63d-6b89-45be-8a00-b072c7d3b5b7%22:%91%22image_icon_background_color%22%93,%22gcid-5071cc1b-8239-42c5-9ee7-776dca1ea4ca%22:%91%22icon_color%22%93}&#8221;]<\/p>\n<p>Queremos crear oportunidades para los j\u00f3venes, quienes est\u00e1n iniciando como defensores o &#8220;agentes de cambio&#8221; y cualquier persona con ganas de dedicar su tiempo, energ\u00eda y creatividad a la lucha por los animales. Juntas, podemos construir un futuro m\u00e1s justo y compasivo.<\/p>\n<p>[\/et_pb_blurb][\/et_pb_column][\/et_pb_row][\/et_pb_section][et_pb_section fb_built=&#8221;1&#8243; _builder_version=&#8221;4.27.4&#8243; _module_preset=&#8221;default&#8221; background_color=&#8221;#E3DCD6&#8243; background_image=&#8221;https:\/\/encuentroporlosanimales.org\/wp-content\/uploads\/2025\/02\/llama.svg&#8221; background_size=&#8221;custom&#8221; background_image_width=&#8221;20%&#8221; background_position=&#8221;top_right&#8221; background_vertical_offset=&#8221;11%&#8221; background_blend=&#8221;multiply&#8221; custom_margin=&#8221;||||true&#8221; custom_padding=&#8221;24px||65px||false|false&#8221; hover_enabled=&#8221;0&#8243; background_last_edited=&#8221;on|phone&#8221; background_size_tablet=&#8221;custom&#8221; background_size_phone=&#8221;custom&#8221; background_image_width_tablet=&#8221;22%&#8221; background_image_width_phone=&#8221;28%&#8221; background_horizontal_offset_tablet=&#8221;3%&#8221; background_horizontal_offset_phone=&#8221;-8%&#8221; background_vertical_offset_phone=&#8221;0%&#8221; locked=&#8221;off&#8221; global_colors_info=&#8221;{}&#8221; sticky_enabled=&#8221;0&#8243;][et_pb_row _builder_version=&#8221;4.27.4&#8243; _module_preset=&#8221;default&#8221; custom_padding=&#8221;||55px|||&#8221; global_colors_info=&#8221;{}&#8221;][et_pb_column type=&#8221;4_4&#8243; _builder_version=&#8221;4.27.4&#8243; _module_preset=&#8221;default&#8221; global_colors_info=&#8221;{}&#8221;][et_pb_code admin_label=&#8221;Anchor info&#8221; _builder_version=&#8221;4.27.4&#8243; _module_preset=&#8221;default&#8221; custom_margin=&#8221;-2px|||||&#8221; locked=&#8221;off&#8221; global_colors_info=&#8221;{}&#8221;]<a name=\"info\"><\/a>[\/et_pb_code][et_pb_text disabled_on=&#8221;on|on|on&#8221; admin_label=&#8221;A Turning Point for Many&#8221; _builder_version=&#8221;4.27.4&#8243; _module_preset=&#8221;default&#8221; text_font=&#8221;|600|||||||&#8221; text_text_color=&#8221;#AF236B&#8221; text_font_size=&#8221;24px&#8221; transform_scale_tablet=&#8221;&#8221; transform_scale_phone=&#8221;&#8221; transform_scale_last_edited=&#8221;on|tablet&#8221; transform_translate_tablet=&#8221;0px|0px&#8221; transform_translate_phone=&#8221;0px|0px&#8221; transform_translate_last_edited=&#8221;on|desktop&#8221; transform_translate_linked=&#8221;off&#8221; transform_rotate_tablet=&#8221;&#8221; transform_rotate_phone=&#8221;&#8221; transform_rotate_last_edited=&#8221;on|tablet&#8221; transform_skew_tablet=&#8221;&#8221; transform_skew_phone=&#8221;&#8221; transform_skew_last_edited=&#8221;on|tablet&#8221; transform_origin_tablet=&#8221;&#8221; transform_origin_phone=&#8221;&#8221; transform_origin_last_edited=&#8221;on|tablet&#8221; transform_styles_last_edited=&#8221;on|desktop&#8221; custom_margin=&#8221;||25px||false|false&#8221; text_font_size_tablet=&#8221;14px&#8221; text_font_size_phone=&#8221;14px&#8221; text_font_size_last_edited=&#8221;on|tablet&#8221; transform_styles_tablet=&#8221;&#8221; transform_styles_phone=&#8221;&#8221; disabled=&#8221;on&#8221; global_colors_info=&#8221;{}&#8221;]<\/p>\n<p>Creemos fervientemente en los siguientes<\/p>\n<p>[\/et_pb_text][et_pb_text admin_label=&#8221;Learn How Our Programm Can Help You Achieve the Pinnacle&#8221; _builder_version=&#8221;4.27.4&#8243; _module_preset=&#8221;default&#8221; text_text_color=&#8221;#f1954a&#8221; text_font_size=&#8221;16px&#8221; header_2_font=&#8221;|800||on|||||&#8221; header_2_text_color=&#8221;#FFFFFF&#8221; header_2_font_size=&#8221;48px&#8221; background_color=&#8221;#84BE3F&#8221; transform_translate_linked=&#8221;off&#8221; width=&#8221;65vw&#8221; module_alignment=&#8221;left&#8221; custom_margin=&#8221;||||false|false&#8221; custom_padding=&#8221;18px|15px|10px|15px|false|true&#8221; text_font_size_tablet=&#8221;14px&#8221; text_font_size_phone=&#8221;14px&#8221; text_font_size_last_edited=&#8221;on|tablet&#8221; header_2_font_size_tablet=&#8221;44px&#8221; header_2_font_size_phone=&#8221;30px&#8221; header_2_font_size_last_edited=&#8221;on|phone&#8221; global_colors_info=&#8221;{%22gcid-3ececbe6-3d5f-494b-9ef0-c80bb0669521%22:%91%22header_2_text_color%22%93}&#8221;]<\/p>\n<h2>Valores<\/h2>\n<p>[\/et_pb_text][\/et_pb_column][\/et_pb_row][et_pb_row module_class=&#8221;dtb-equal-height&#8221; _builder_version=&#8221;4.27.4&#8243; _module_preset=&#8221;default&#8221; max_width=&#8221;80%&#8221; module_alignment=&#8221;center&#8221; custom_margin=&#8221;0px||||false|false&#8221; custom_padding=&#8221;0px||||false|false&#8221; locked=&#8221;off&#8221; global_colors_info=&#8221;{}&#8221;][et_pb_column type=&#8221;4_4&#8243; _builder_version=&#8221;4.27.4&#8243; _module_preset=&#8221;default&#8221; global_colors_info=&#8221;{}&#8221;][et_pb_text _builder_version=&#8221;4.27.4&#8243; _module_preset=&#8221;default&#8221; width=&#8221;65vw&#8221; width_tablet=&#8221;65vw&#8221; width_phone=&#8221;65vw&#8221; width_last_edited=&#8221;on|phone&#8221; custom_margin=&#8221;0px||||false|false&#8221; custom_padding=&#8221;0px||||false|false&#8221; global_colors_info=&#8221;{}&#8221;]<\/p>\n<p>Creemos que el cambio tiene que venir de todos los frentes, y por eso promovemos campa\u00f1as centradas en la alimentaci\u00f3n basada en plantas.<\/p>\n<p>Como activistas por los derechos de los animales, somos conscientes de que no todo el mundo estar\u00e1 motivado para crear un cambio desde un punto de vista \u00e9tico, y por eso tenemos que estar preparadas para situar los sistemas alimentarios basados en plantas como una opci\u00f3n inmediata para combatir la crisis clim\u00e1tica, de los oc\u00e9anos y de la biodiversidad; y proteger un gran n\u00famero de ecosistemas que albergan una gran variedad de animales.<\/p>\n<p>Adoptar una dieta vegana es la mayor acci\u00f3n que una persona puede hacer por el planeta, y puede reducir significativamente las emisiones de gases de efecto invernadero relacionadas con la alimentaci\u00f3n.<\/p>\n<p>[\/et_pb_text][\/et_pb_column][\/et_pb_row][et_pb_row column_structure=&#8221;1_2,1_2&#8243; module_class=&#8221;dtb-equal-height&#8221; _builder_version=&#8221;4.27.4&#8243; _module_preset=&#8221;default&#8221; max_width=&#8221;80%&#8221; module_alignment=&#8221;center&#8221; locked=&#8221;off&#8221; global_colors_info=&#8221;{}&#8221;][et_pb_column type=&#8221;1_2&#8243; _builder_version=&#8221;4.27.4&#8243; _module_preset=&#8221;default&#8221; global_colors_info=&#8221;{}&#8221;][et_pb_blurb title=&#8221;Creemos&#8221; use_icon=&#8221;on&#8221; font_icon=&#8221;&#xf2f1;||fa||900&#8243; icon_color=&#8221;gcid-5071cc1b-8239-42c5-9ee7-776dca1ea4ca&#8221; image_icon_background_color=&#8221;gcid-34b9b63d-6b89-45be-8a00-b072c7d3b5b7&#8243; image_icon_width=&#8221;36px&#8221; _builder_version=&#8221;4.27.4&#8243; _module_preset=&#8221;default&#8221; header_font=&#8221;&#8211;et_global_heading_font||||||||&#8221; header_text_align=&#8221;center&#8221; header_text_color=&#8221;#84BE3F&#8221; header_font_size=&#8221;30px&#8221; body_font_size=&#8221;17px&#8221; background_color=&#8221;#603813&#8243; image_icon_custom_margin=&#8221;||||false|true&#8221; image_icon_custom_padding=&#8221;8px|50px|8px|50px|true|true&#8221; text_orientation=&#8221;center&#8221; background_layout=&#8221;dark&#8221; custom_margin=&#8221;||30px||false|false&#8221; custom_padding=&#8221;36px|25px|36px|25px|true|true&#8221; border_radii=&#8221;on|16px|16px|16px|16px&#8221; global_colors_info=&#8221;{%22gcid-34b9b63d-6b89-45be-8a00-b072c7d3b5b7%22:%91%22image_icon_background_color%22%93,%22gcid-5071cc1b-8239-42c5-9ee7-776dca1ea4ca%22:%91%22icon_color%22%93}&#8221;]<\/p>\n<p>en forjar un cambio sist\u00e9mico donde los dem\u00e1s animales puedan ser respetados como los seres que son.<\/p>\n<p>[\/et_pb_blurb][\/et_pb_column][et_pb_column type=&#8221;1_2&#8243; _builder_version=&#8221;4.27.4&#8243; _module_preset=&#8221;default&#8221; global_colors_info=&#8221;{}&#8221;][et_pb_blurb title=&#8221;NUESTRO ENFOQUE&#8221; use_icon=&#8221;on&#8221; font_icon=&#8221;&#xf0eb;||fa||900&#8243; icon_color=&#8221;gcid-5071cc1b-8239-42c5-9ee7-776dca1ea4ca&#8221; image_icon_background_color=&#8221;gcid-34b9b63d-6b89-45be-8a00-b072c7d3b5b7&#8243; image_icon_width=&#8221;36px&#8221; _builder_version=&#8221;4.27.4&#8243; _module_preset=&#8221;default&#8221; header_font=&#8221;&#8211;et_global_heading_font||||||||&#8221; header_text_align=&#8221;center&#8221; header_text_color=&#8221;#F3A83B&#8221; header_font_size=&#8221;30px&#8221; body_font_size=&#8221;17px&#8221; background_color=&#8221;#603813&#8243; image_icon_custom_margin=&#8221;||||false|true&#8221; image_icon_custom_padding=&#8221;8px|50px|8px|50px|true|true&#8221; text_orientation=&#8221;center&#8221; background_layout=&#8221;dark&#8221; custom_margin=&#8221;||30px||false|false&#8221; custom_padding=&#8221;36px|25px|36px|25px|true|true&#8221; border_radii=&#8221;on|16px|16px|16px|16px&#8221; global_colors_info=&#8221;{%22gcid-34b9b63d-6b89-45be-8a00-b072c7d3b5b7%22:%91%22image_icon_background_color%22%93,%22gcid-5071cc1b-8239-42c5-9ee7-776dca1ea4ca%22:%91%22icon_color%22%93}&#8221;]Es antiespecista e interseccional; por ello, nos oponemos a cualquier tipo de violencia y discriminaci\u00f3n independientemente del g\u00e9nero, raza, orientaci\u00f3n sexual, religi\u00f3n, lugar de origen, clase social, etc.[\/et_pb_blurb][\/et_pb_column][\/et_pb_row][et_pb_row column_structure=&#8221;1_3,1_3,1_3&#8243; disabled_on=&#8221;on|on|on&#8221; module_class=&#8221;dtb-equal-height&#8221; _builder_version=&#8221;4.27.4&#8243; _module_preset=&#8221;default&#8221; max_width=&#8221;80%&#8221; disabled=&#8221;on&#8221; locked=&#8221;off&#8221; global_colors_info=&#8221;{}&#8221;][et_pb_column type=&#8221;1_3&#8243; _builder_version=&#8221;4.27.4&#8243; _module_preset=&#8221;default&#8221; global_colors_info=&#8221;{}&#8221;][et_pb_blurb title=&#8221;Compasi\u00f3n&#8221; use_icon=&#8221;on&#8221; font_icon=&#8221;&#xe089;||divi||400&#8243; icon_color=&#8221;gcid-5071cc1b-8239-42c5-9ee7-776dca1ea4ca&#8221; image_icon_background_color=&#8221;gcid-34b9b63d-6b89-45be-8a00-b072c7d3b5b7&#8243; image_icon_width=&#8221;36px&#8221; _builder_version=&#8221;4.27.4&#8243; _module_preset=&#8221;default&#8221; header_font=&#8221;&#8211;et_global_heading_font||||||||&#8221; header_text_align=&#8221;center&#8221; header_text_color=&#8221;#84BE3F&#8221; header_font_size=&#8221;30px&#8221; body_font_size=&#8221;17px&#8221; background_color=&#8221;#603813&#8243; image_icon_custom_margin=&#8221;||||false|true&#8221; image_icon_custom_padding=&#8221;8px|50px|8px|50px|true|true&#8221; text_orientation=&#8221;center&#8221; background_layout=&#8221;dark&#8221; custom_margin=&#8221;||30px||false|false&#8221; custom_padding=&#8221;36px|25px|36px|25px|true|true&#8221; border_radii=&#8221;on|16px|16px|16px|16px&#8221; global_colors_info=&#8221;{%22gcid-34b9b63d-6b89-45be-8a00-b072c7d3b5b7%22:%91%22image_icon_background_color%22%93,%22gcid-5071cc1b-8239-42c5-9ee7-776dca1ea4ca%22:%91%22icon_color%22%93}&#8221;]Creemos en el valor y la dignidad inherentes de todos los animales y defendemos un trato compasivo para con ellos y su protecci\u00f3n desde un enfoque antiespecista e interseccional. [\/et_pb_blurb][\/et_pb_column][et_pb_column type=&#8221;1_3&#8243; _builder_version=&#8221;4.27.4&#8243; _module_preset=&#8221;default&#8221; global_colors_info=&#8221;{}&#8221;][et_pb_blurb title=&#8221;Capacitaci\u00f3n&#8221; use_icon=&#8221;on&#8221; font_icon=&#8221;&#xf51c;||fa||900&#8243; icon_color=&#8221;gcid-5071cc1b-8239-42c5-9ee7-776dca1ea4ca&#8221; image_icon_background_color=&#8221;gcid-34b9b63d-6b89-45be-8a00-b072c7d3b5b7&#8243; image_icon_width=&#8221;36px&#8221; _builder_version=&#8221;4.27.4&#8243; _module_preset=&#8221;default&#8221; header_font=&#8221;&#8211;et_global_heading_font||||||||&#8221; header_text_align=&#8221;center&#8221; header_text_color=&#8221;#3DB5D5&#8243; header_font_size=&#8221;30px&#8221; body_font_size=&#8221;17px&#8221; background_color=&#8221;#603813&#8243; image_icon_custom_margin=&#8221;||||false|true&#8221; image_icon_custom_padding=&#8221;8px|50px|8px|50px|true|true&#8221; text_orientation=&#8221;center&#8221; background_layout=&#8221;dark&#8221; custom_margin=&#8221;||30px||false|false&#8221; custom_padding=&#8221;36px|25px|36px|25px|true|true&#8221; border_radii=&#8221;on|16px|16px|16px|16px&#8221; global_colors_info=&#8221;{%22gcid-34b9b63d-6b89-45be-8a00-b072c7d3b5b7%22:%91%22image_icon_background_color%22%93,%22gcid-5071cc1b-8239-42c5-9ee7-776dca1ea4ca%22:%91%22icon_color%22%93}&#8221;]Capacitamos a defensores de los animales con conocimientos, habilidades y recursos para lograr un cambio positivo por los animales en sus comunidades y fuera de ellas. [\/et_pb_blurb][\/et_pb_column][et_pb_column type=&#8221;1_3&#8243; _builder_version=&#8221;4.27.4&#8243; _module_preset=&#8221;default&#8221; global_colors_info=&#8221;{}&#8221;][et_pb_blurb title=&#8221;Educaci\u00f3n&#8221; use_icon=&#8221;on&#8221; font_icon=&#8221;&#xf19d;||fa||900&#8243; icon_color=&#8221;gcid-5071cc1b-8239-42c5-9ee7-776dca1ea4ca&#8221; image_icon_background_color=&#8221;gcid-34b9b63d-6b89-45be-8a00-b072c7d3b5b7&#8243; image_icon_width=&#8221;36px&#8221; _builder_version=&#8221;4.27.4&#8243; _module_preset=&#8221;default&#8221; header_font=&#8221;&#8211;et_global_heading_font||||||||&#8221; header_text_align=&#8221;center&#8221; header_text_color=&#8221;#FF7BA4&#8243; header_font_size=&#8221;30px&#8221; body_font_size=&#8221;17px&#8221; background_color=&#8221;#603813&#8243; image_icon_custom_margin=&#8221;||||false|true&#8221; image_icon_custom_padding=&#8221;8px|50px|8px|50px|true|true&#8221; text_orientation=&#8221;center&#8221; background_layout=&#8221;dark&#8221; custom_margin=&#8221;||30px||false|false&#8221; custom_padding=&#8221;36px|25px|36px|25px|true|true&#8221; border_radii=&#8221;on|16px|16px|16px|16px&#8221; global_colors_info=&#8221;{%22gcid-34b9b63d-6b89-45be-8a00-b072c7d3b5b7%22:%91%22image_icon_background_color%22%93,%22gcid-5071cc1b-8239-42c5-9ee7-776dca1ea4ca%22:%91%22icon_color%22%93}&#8221;]Damos prioridad a la educaci\u00f3n y la concienciaci\u00f3n para inspirar empat\u00eda, comprensi\u00f3n y acci\u00f3n en apoyo de los derechos de los animales. [\/et_pb_blurb][\/et_pb_column][\/et_pb_row][\/et_pb_section][et_pb_section fb_built=&#8221;1&#8243; admin_label=&#8221;Equipo&#8221; _builder_version=&#8221;4.27.4&#8243; _module_preset=&#8221;default&#8221; background_color=&#8221;#603813&#8243; background_image=&#8221;https:\/\/encuentroporlosanimales.org\/wp-content\/uploads\/2025\/04\/urraca-left_cafe-dark-somos.svg&#8221; background_size=&#8221;initial&#8221; background_position=&#8221;bottom_right&#8221; background_vertical_offset=&#8221;11%&#8221; custom_margin=&#8221;||||true&#8221; custom_padding=&#8221;54px||65px||false|false&#8221; background_last_edited=&#8221;on|phone&#8221; background_size_phone=&#8221;custom&#8221; background_image_width_phone=&#8221;30%&#8221; global_module=&#8221;242598&#8243; saved_tabs=&#8221;all&#8221; locked=&#8221;off&#8221; global_colors_info=&#8221;{}&#8221;][et_pb_row custom_padding_last_edited=&#8221;on|tablet&#8221; _builder_version=&#8221;4.17.6&#8243; _module_preset=&#8221;default&#8221; custom_padding_tablet=&#8221;0px||0px||false|false&#8221; custom_padding_phone=&#8221;0px||0px||false|false&#8221; locked=&#8221;off&#8221; global_colors_info=&#8221;{}&#8221;][et_pb_column type=&#8221;4_4&#8243; _builder_version=&#8221;4.17.6&#8243; _module_preset=&#8221;default&#8221; global_colors_info=&#8221;{}&#8221;][et_pb_code admin_label=&#8221;Anchor equipo&#8221; _builder_version=&#8221;4.27.4&#8243; _module_preset=&#8221;default&#8221; global_colors_info=&#8221;{}&#8221;]<a name=\"equipo\"><\/a>[\/et_pb_code][et_pb_text admin_label=&#8221;Field Experts&#8221; _builder_version=&#8221;4.27.4&#8243; _module_preset=&#8221;default&#8221; text_font=&#8221;|600|||||||&#8221; text_text_color=&#8221;#FFFFFF&#8221; text_font_size=&#8221;24px&#8221; transform_translate_linked=&#8221;off&#8221; custom_margin=&#8221;||25px||false|false&#8221; text_font_size_tablet=&#8221;14px&#8221; text_font_size_phone=&#8221;14px&#8221; text_font_size_last_edited=&#8221;on|tablet&#8221; locked=&#8221;off&#8221; global_colors_info=&#8221;{}&#8221;]<\/p>\n<p>Conoce al<\/p>\n<p>[\/et_pb_text][et_pb_text admin_label=&#8221;Learn How Our Programm Can Help You Achieve the Pinnacle&#8221; _builder_version=&#8221;4.27.4&#8243; _module_preset=&#8221;default&#8221; text_text_color=&#8221;#f1954a&#8221; text_font_size=&#8221;16px&#8221; header_2_font=&#8221;|800||on|||||&#8221; header_2_text_color=&#8221;#FFFFFF&#8221; header_2_font_size=&#8221;48px&#8221; background_color=&#8221;#AF236B&#8221; transform_translate_linked=&#8221;off&#8221; width=&#8221;65vw&#8221; module_alignment=&#8221;left&#8221; custom_margin=&#8221;||||false|false&#8221; custom_padding=&#8221;18px|15px|10px|15px|false|true&#8221; text_font_size_tablet=&#8221;14px&#8221; text_font_size_phone=&#8221;14px&#8221; text_font_size_last_edited=&#8221;on|tablet&#8221; header_2_font_size_tablet=&#8221;44px&#8221; header_2_font_size_phone=&#8221;30px&#8221; header_2_font_size_last_edited=&#8221;on|phone&#8221; locked=&#8221;off&#8221; global_colors_info=&#8221;{%22gcid-3ececbe6-3d5f-494b-9ef0-c80bb0669521%22:%91%22header_2_text_color%22%93}&#8221;]<\/p>\n<h2>Equipo EXA<\/h2>\n<p>[\/et_pb_text][\/et_pb_column][\/et_pb_row][et_pb_row column_structure=&#8221;1_3,1_3,1_3&#8243; use_custom_gutter=&#8221;on&#8221; gutter_width=&#8221;2&#8243; custom_padding_last_edited=&#8221;on|tablet&#8221; _builder_version=&#8221;4.20.0&#8243; _module_preset=&#8221;default&#8221; custom_padding_tablet=&#8221;||0px||false|false&#8221; custom_padding_phone=&#8221;10px||||false|false&#8221; global_colors_info=&#8221;{}&#8221;][et_pb_column type=&#8221;1_3&#8243; module_class=&#8221;fx-event-2-speaker-column&#8221; _builder_version=&#8221;4.20.0&#8243; _module_preset=&#8221;default&#8221; overflow-y=&#8221;hidden&#8221; global_colors_info=&#8221;{}&#8221;][et_pb_blurb title=&#8221;Ana Carranza&#8221; image=&#8221;https:\/\/encuentroporlosanimales.org\/wp-content\/uploads\/2024\/12\/Ana-Carranza.jpg&#8221; alt=&#8221;Ana Carranza, derechos de los animales, ExA&#8221; admin_label=&#8221;Ana&#8221; _builder_version=&#8221;4.27.4&#8243; _module_preset=&#8221;default&#8221; header_text_color=&#8221;#FFFFFF&#8221; header_font_size=&#8221;28px&#8221; body_text_color=&#8221;#F2A83B&#8221; text_orientation=&#8221;center&#8221; min_height=&#8221;530px&#8221; custom_margin=&#8221;||5px||false|false&#8221; custom_margin_tablet=&#8221;||||false|false&#8221; custom_margin_phone=&#8221;||||false|false&#8221; custom_margin_last_edited=&#8221;on|tablet&#8221; animation=&#8221;off&#8221; border_radii=&#8221;on|15px|15px|15px|15px&#8221; border_radii_image=&#8221;on|15px|15px|15px|15px&#8221; locked=&#8221;off&#8221; global_colors_info=&#8221;{}&#8221;]<\/p>\n<p>\u201cTener esperanza en el cambio individual, es el camino para el cambio colectivo.\u201d<\/p>\n<p>[\/et_pb_blurb][et_pb_button button_text=&#8221;Leer M\u00e1s&#8221; button_alignment=&#8221;center&#8221; module_class=&#8221;dtb-show-1&#8243; _builder_version=&#8221;4.27.4&#8243; _module_preset=&#8221;default&#8221; custom_margin=&#8221;25px||10px||false|false&#8221; global_colors_info=&#8221;{}&#8221;][\/et_pb_button][et_pb_social_media_follow icon_color=&#8221;#FFFFFF&#8221; use_icon_font_size=&#8221;on&#8221; icon_font_size=&#8221;14px&#8221; disabled_on=&#8221;on|on|on&#8221; module_class=&#8221;fx-event-2-speaker-social-icons&#8221; _builder_version=&#8221;4.27.4&#8243; _module_preset=&#8221;default&#8221; background_color=&#8221;gcid-dedb6a37-a131-488c-bc21-a29acdfce681&#8243; positioning=&#8221;absolute&#8221; position_origin_a=&#8221;top_right&#8221; text_orientation=&#8221;center&#8221; width=&#8221;65%&#8221; custom_padding=&#8221;10px||5px||false|false&#8221; custom_css_main_element=&#8221;border-radius: 0 15px 0 0;&#8221; border_radii=&#8221;on|55px|55px|55px|55px&#8221; border_width_all=&#8221;2px&#8221; border_color_all=&#8221;#603813&#8243; disabled=&#8221;on&#8221; locked=&#8221;off&#8221; global_colors_info=&#8221;{%22gcid-dedb6a37-a131-488c-bc21-a29acdfce681%22:%91%22background_color%22,%22background_color%22%93}&#8221; icon_color__hover_enabled=&#8221;off|hover&#8221; icon_color__hover=&#8221;#FFFFFF&#8221;][et_pb_social_media_follow_network social_network=&#8221;facebook&#8221; _builder_version=&#8221;4.27.4&#8243; _module_preset=&#8221;default&#8221; background_color=&#8221;#603813&#8243; background_enable_color=&#8221;on&#8221; custom_padding=&#8221;||||false|false&#8221; global_colors_info=&#8221;{}&#8221; background__hover_enabled=&#8221;on|hover&#8221; background_color__hover=&#8221;#e2234f&#8221; background_enable_color__hover=&#8221;on&#8221; follow_button=&#8221;off&#8221; url_new_window=&#8221;on&#8221;]facebook[\/et_pb_social_media_follow_network][et_pb_social_media_follow_network social_network=&#8221;twitter&#8221; _builder_version=&#8221;4.27.4&#8243; _module_preset=&#8221;default&#8221; background_color=&#8221;gcid-1fbcd44d-25a2-4361-a1db-d46dba18527a&#8221; background_enable_color=&#8221;on&#8221; global_colors_info=&#8221;{%22gcid-1fbcd44d-25a2-4361-a1db-d46dba18527a%22:%91%22background_color%22%93}&#8221; background__hover_enabled=&#8221;on|hover&#8221; background_enable_color__hover=&#8221;on&#8221; background_color__hover=&#8221;#e2234f&#8221; follow_button=&#8221;off&#8221; url_new_window=&#8221;on&#8221;]twitter[\/et_pb_social_media_follow_network][et_pb_social_media_follow_network social_network=&#8221;linkedin&#8221; _builder_version=&#8221;4.27.4&#8243; _module_preset=&#8221;default&#8221; background_color=&#8221;#603813&#8243; background_enable_color=&#8221;on&#8221; global_colors_info=&#8221;{}&#8221; background_color__hover=&#8221;#e2234f&#8221; background__hover_enabled=&#8221;on|hover&#8221; background_enable_color__hover=&#8221;on&#8221; follow_button=&#8221;off&#8221; url_new_window=&#8221;on&#8221;]linkedin[\/et_pb_social_media_follow_network][et_pb_social_media_follow_network social_network=&#8221;instagram&#8221; _builder_version=&#8221;4.27.4&#8243; _module_preset=&#8221;default&#8221; background_color=&#8221;#603813&#8243; background_enable_color=&#8221;on&#8221; global_colors_info=&#8221;{}&#8221; background_color__hover=&#8221;#e2234f&#8221; background__hover_enabled=&#8221;on|hover&#8221; background_enable_color__hover=&#8221;on&#8221; follow_button=&#8221;off&#8221; url_new_window=&#8221;on&#8221;]instagram[\/et_pb_social_media_follow_network][\/et_pb_social_media_follow][\/et_pb_column][et_pb_column type=&#8221;1_3&#8243; module_class=&#8221;fx-event-2-speaker-column&#8221; _builder_version=&#8221;4.20.0&#8243; _module_preset=&#8221;default&#8221; overflow-y=&#8221;hidden&#8221; global_colors_info=&#8221;{}&#8221;][et_pb_blurb title=&#8221;Karol Marocho&#8221; image=&#8221;https:\/\/encuentroporlosanimales.org\/wp-content\/uploads\/2025\/01\/Karol-Marocho.jpg&#8221; alt=&#8221;Karol Marocho, compasi\u00f3n animal, ExA&#8221; admin_label=&#8221;Karol&#8221; _builder_version=&#8221;4.27.4&#8243; _module_preset=&#8221;default&#8221; header_text_color=&#8221;#FFFFFF&#8221; header_font_size=&#8221;28px&#8221; body_text_color=&#8221;#F2A83B&#8221; text_orientation=&#8221;center&#8221; min_height=&#8221;530px&#8221; custom_margin=&#8221;||5px||false|false&#8221; custom_margin_tablet=&#8221;||||false|false&#8221; custom_margin_phone=&#8221;||||false|false&#8221; custom_margin_last_edited=&#8221;on|tablet&#8221; animation=&#8221;off&#8221; border_radii=&#8221;on|15px|15px|15px|15px&#8221; border_radii_image=&#8221;on|15px|15px|15px|15px&#8221; global_colors_info=&#8221;{}&#8221;]<\/p>\n<p>\u201cNunca dudes en liberar.\u201d<\/p>\n<p>[\/et_pb_blurb][et_pb_button button_text=&#8221;Leer M\u00e1s&#8221; button_alignment=&#8221;center&#8221; module_class=&#8221;dtb-show-2&#8243; _builder_version=&#8221;4.27.4&#8243; _module_preset=&#8221;default&#8221; custom_margin=&#8221;25px||10px||false|false&#8221; global_colors_info=&#8221;{}&#8221;][\/et_pb_button][et_pb_social_media_follow icon_color=&#8221;#FFFFFF&#8221; use_icon_font_size=&#8221;on&#8221; icon_font_size=&#8221;14px&#8221; disabled_on=&#8221;on|on|on&#8221; module_class=&#8221;fx-event-2-speaker-social-icons&#8221; _builder_version=&#8221;4.27.4&#8243; _module_preset=&#8221;default&#8221; background_color=&#8221;gcid-dedb6a37-a131-488c-bc21-a29acdfce681&#8243; positioning=&#8221;absolute&#8221; position_origin_a=&#8221;top_right&#8221; text_orientation=&#8221;center&#8221; width=&#8221;65%&#8221; custom_padding=&#8221;10px||5px||false|false&#8221; custom_css_main_element=&#8221;border-radius: 0 15px 0 0;&#8221; border_radii=&#8221;on|55px|55px|55px|55px&#8221; border_width_all=&#8221;2px&#8221; border_color_all=&#8221;#603813&#8243; disabled=&#8221;on&#8221; locked=&#8221;off&#8221; global_colors_info=&#8221;{%22gcid-dedb6a37-a131-488c-bc21-a29acdfce681%22:%91%22background_color%22,%22background_color%22%93}&#8221; icon_color__hover_enabled=&#8221;off|hover&#8221; icon_color__hover=&#8221;#FFFFFF&#8221;][et_pb_social_media_follow_network social_network=&#8221;facebook&#8221; _builder_version=&#8221;4.27.4&#8243; _module_preset=&#8221;default&#8221; background_color=&#8221;#603813&#8243; background_enable_color=&#8221;on&#8221; custom_padding=&#8221;||||false|false&#8221; global_colors_info=&#8221;{}&#8221; background__hover_enabled=&#8221;on|hover&#8221; background_color__hover=&#8221;#e2234f&#8221; background_enable_color__hover=&#8221;on&#8221; follow_button=&#8221;off&#8221; url_new_window=&#8221;on&#8221;]facebook[\/et_pb_social_media_follow_network][et_pb_social_media_follow_network social_network=&#8221;twitter&#8221; _builder_version=&#8221;4.27.4&#8243; _module_preset=&#8221;default&#8221; background_color=&#8221;gcid-1fbcd44d-25a2-4361-a1db-d46dba18527a&#8221; background_enable_color=&#8221;on&#8221; global_colors_info=&#8221;{%22gcid-1fbcd44d-25a2-4361-a1db-d46dba18527a%22:%91%22background_color%22%93}&#8221; background__hover_enabled=&#8221;on|hover&#8221; background_enable_color__hover=&#8221;on&#8221; background_color__hover=&#8221;#e2234f&#8221; follow_button=&#8221;off&#8221; url_new_window=&#8221;on&#8221;]twitter[\/et_pb_social_media_follow_network][et_pb_social_media_follow_network social_network=&#8221;linkedin&#8221; _builder_version=&#8221;4.27.4&#8243; _module_preset=&#8221;default&#8221; background_color=&#8221;#603813&#8243; background_enable_color=&#8221;on&#8221; global_colors_info=&#8221;{}&#8221; background_color__hover=&#8221;#e2234f&#8221; background__hover_enabled=&#8221;on|hover&#8221; background_enable_color__hover=&#8221;on&#8221; follow_button=&#8221;off&#8221; url_new_window=&#8221;on&#8221;]linkedin[\/et_pb_social_media_follow_network][et_pb_social_media_follow_network social_network=&#8221;instagram&#8221; _builder_version=&#8221;4.27.4&#8243; _module_preset=&#8221;default&#8221; background_color=&#8221;#603813&#8243; background_enable_color=&#8221;on&#8221; global_colors_info=&#8221;{}&#8221; background_color__hover=&#8221;#e2234f&#8221; background__hover_enabled=&#8221;on|hover&#8221; background_enable_color__hover=&#8221;on&#8221; follow_button=&#8221;off&#8221; url_new_window=&#8221;on&#8221;]instagram[\/et_pb_social_media_follow_network][\/et_pb_social_media_follow][\/et_pb_column][et_pb_column type=&#8221;1_3&#8243; module_class=&#8221;fx-event-2-speaker-column&#8221; _builder_version=&#8221;4.20.0&#8243; _module_preset=&#8221;default&#8221; overflow-y=&#8221;hidden&#8221; global_colors_info=&#8221;{}&#8221;][et_pb_blurb title=&#8221;Laura Sainz&#8221; image=&#8221;https:\/\/encuentroporlosanimales.org\/wp-content\/uploads\/2024\/12\/Laura-Sainz.jpg&#8221; alt=&#8221;Laura Sainz, Activismo por los Animales, ExA&#8221; admin_label=&#8221;Laura&#8221; _builder_version=&#8221;4.27.4&#8243; _module_preset=&#8221;default&#8221; header_text_color=&#8221;#FFFFFF&#8221; header_font_size=&#8221;28px&#8221; body_text_color=&#8221;#F2A83B&#8221; text_orientation=&#8221;center&#8221; min_height=&#8221;530px&#8221; custom_margin=&#8221;||5px||false|false&#8221; custom_margin_tablet=&#8221;||||false|false&#8221; custom_margin_phone=&#8221;||||false|false&#8221; custom_margin_last_edited=&#8221;on|tablet&#8221; animation=&#8221;off&#8221; border_radii=&#8221;on|15px|15px|15px|15px&#8221; border_radii_image=&#8221;on|15px|15px|15px|15px&#8221; locked=&#8221;off&#8221; global_colors_info=&#8221;{}&#8221;]&#8221;El activismo vegano antiespecista debe ser sensible al contexto de las personas a las que pretende llegar&#8221;[\/et_pb_blurb][et_pb_button button_text=&#8221;Leer M\u00e1s&#8221; button_alignment=&#8221;center&#8221; module_class=&#8221;dtb-show-3&#8243; _builder_version=&#8221;4.27.4&#8243; _module_preset=&#8221;default&#8221; custom_margin=&#8221;25px||10px||false|false&#8221; global_colors_info=&#8221;{}&#8221;][\/et_pb_button][et_pb_social_media_follow icon_color=&#8221;#FFFFFF&#8221; use_icon_font_size=&#8221;on&#8221; icon_font_size=&#8221;14px&#8221; disabled_on=&#8221;on|on|on&#8221; module_class=&#8221;fx-event-2-speaker-social-icons&#8221; _builder_version=&#8221;4.27.4&#8243; _module_preset=&#8221;default&#8221; background_color=&#8221;gcid-dedb6a37-a131-488c-bc21-a29acdfce681&#8243; positioning=&#8221;absolute&#8221; position_origin_a=&#8221;top_right&#8221; text_orientation=&#8221;center&#8221; width=&#8221;65%&#8221; custom_padding=&#8221;10px||5px||false|false&#8221; custom_css_main_element=&#8221;border-radius: 0 15px 0 0;&#8221; border_radii=&#8221;on|55px|55px|55px|55px&#8221; border_width_all=&#8221;2px&#8221; border_color_all=&#8221;#603813&#8243; disabled=&#8221;on&#8221; locked=&#8221;off&#8221; global_colors_info=&#8221;{%22gcid-dedb6a37-a131-488c-bc21-a29acdfce681%22:%91%22background_color%22,%22background_color%22%93}&#8221; icon_color__hover_enabled=&#8221;off|hover&#8221; icon_color__hover=&#8221;#FFFFFF&#8221;][et_pb_social_media_follow_network social_network=&#8221;facebook&#8221; _builder_version=&#8221;4.27.4&#8243; _module_preset=&#8221;default&#8221; background_color=&#8221;#603813&#8243; background_enable_color=&#8221;on&#8221; custom_padding=&#8221;||||false|false&#8221; global_colors_info=&#8221;{}&#8221; background__hover_enabled=&#8221;on|hover&#8221; background_color__hover=&#8221;#e2234f&#8221; background_enable_color__hover=&#8221;on&#8221; follow_button=&#8221;off&#8221; url_new_window=&#8221;on&#8221;]facebook[\/et_pb_social_media_follow_network][et_pb_social_media_follow_network social_network=&#8221;twitter&#8221; _builder_version=&#8221;4.27.4&#8243; _module_preset=&#8221;default&#8221; background_color=&#8221;gcid-1fbcd44d-25a2-4361-a1db-d46dba18527a&#8221; background_enable_color=&#8221;on&#8221; global_colors_info=&#8221;{%22gcid-1fbcd44d-25a2-4361-a1db-d46dba18527a%22:%91%22background_color%22%93}&#8221; background__hover_enabled=&#8221;on|hover&#8221; background_enable_color__hover=&#8221;on&#8221; background_color__hover=&#8221;#e2234f&#8221; follow_button=&#8221;off&#8221; url_new_window=&#8221;on&#8221;]twitter[\/et_pb_social_media_follow_network][et_pb_social_media_follow_network social_network=&#8221;linkedin&#8221; _builder_version=&#8221;4.27.4&#8243; _module_preset=&#8221;default&#8221; background_color=&#8221;#603813&#8243; background_enable_color=&#8221;on&#8221; global_colors_info=&#8221;{}&#8221; background_color__hover=&#8221;#e2234f&#8221; background__hover_enabled=&#8221;on|hover&#8221; background_enable_color__hover=&#8221;on&#8221; follow_button=&#8221;off&#8221; url_new_window=&#8221;on&#8221;]linkedin[\/et_pb_social_media_follow_network][et_pb_social_media_follow_network social_network=&#8221;instagram&#8221; _builder_version=&#8221;4.27.4&#8243; _module_preset=&#8221;default&#8221; background_color=&#8221;#603813&#8243; background_enable_color=&#8221;on&#8221; global_colors_info=&#8221;{}&#8221; background_color__hover=&#8221;#e2234f&#8221; background__hover_enabled=&#8221;on|hover&#8221; background_enable_color__hover=&#8221;on&#8221; follow_button=&#8221;off&#8221; url_new_window=&#8221;on&#8221;]instagram[\/et_pb_social_media_follow_network][\/et_pb_social_media_follow][\/et_pb_column][\/et_pb_row][et_pb_row module_class=&#8221;dtb-overlay-1&#8243; _builder_version=&#8221;4.27.4&#8243; _module_preset=&#8221;default&#8221; global_colors_info=&#8221;{}&#8221;][et_pb_column type=&#8221;4_4&#8243; _builder_version=&#8221;4.27.4&#8243; _module_preset=&#8221;default&#8221; global_colors_info=&#8221;{}&#8221;][et_pb_text admin_label=&#8221;Bio-Ana&#8221; _builder_version=&#8221;4.27.4&#8243; _module_preset=&#8221;default&#8221; background_color=&#8221;#FFFFFF&#8221; width=&#8221;60vw&#8221; width_tablet=&#8221;&#8221; width_phone=&#8221;&#8221; width_last_edited=&#8221;on|desktop&#8221; module_alignment=&#8221;center&#8221; custom_margin=&#8221;||||true|false&#8221; custom_padding=&#8221;25px|25px|25px|25px|true|true&#8221; border_radii=&#8221;on|16px|16px|16px|16px&#8221; global_colors_info=&#8221;{}&#8221;]<\/p>\n<h3>Ana Carranza<\/h3>\n<p>Ana se ha interesado por los movimientos sociales, as\u00ed como por la organizaci\u00f3n y colaboraci\u00f3n con grupos que luchan por la verdad y la justicia.<\/p>\n<p>Desde hace a\u00f1os, su principal foco de atenci\u00f3n es el veganismo. Durante el periodo 2014-2019, fue voluntaria en la organizaci\u00f3n internacional Igualdad Animal M\u00e9xico, dentro de Proyectos Educativos y el IAnimal, visitando universidades, preparatorias, conciertos masivos y lugares p\u00fablicos para hablar sobre la sintiencia de otros animales, las investigaciones de portada en M\u00e9xico y ofrecer alternativas basadas en plantas.<\/p>\n<p>Inici\u00f3 el cap\u00edtulo Guadalajara Animal Save en 2017, realizando vigilias bimestrales. Actualmente apoya a nuevos cap\u00edtulos de Save en M\u00e9xico y trabaja en la campa\u00f1a \u00abTratado Basado en Plantas\u00bb, que busca cambiar el sistema alimentario a uno basado en plantas a trav\u00e9s de cambios institucionales.<\/p>\n<p>[\/et_pb_text][\/et_pb_column][\/et_pb_row][et_pb_row module_class=&#8221;dtb-overlay-2&#8243; _builder_version=&#8221;4.27.4&#8243; _module_preset=&#8221;default&#8221; global_colors_info=&#8221;{}&#8221;][et_pb_column type=&#8221;4_4&#8243; _builder_version=&#8221;4.27.4&#8243; _module_preset=&#8221;default&#8221; global_colors_info=&#8221;{}&#8221;][et_pb_text admin_label=&#8221;Bio-Karol&#8221; _builder_version=&#8221;4.27.4&#8243; _module_preset=&#8221;default&#8221; background_color=&#8221;#FFFFFF&#8221; width=&#8221;60vw&#8221; width_tablet=&#8221;&#8221; width_phone=&#8221;&#8221; width_last_edited=&#8221;on|desktop&#8221; module_alignment=&#8221;center&#8221; custom_margin=&#8221;||||true|false&#8221; custom_padding=&#8221;25px|25px|25px|25px|true|true&#8221; border_radii=&#8221;on|16px|16px|16px|16px&#8221; global_colors_info=&#8221;{}&#8221;]<\/p>\n<h3>Karol Marocho<\/h3>\n<p>Karol Marocho es activista por los derechos de los animales desde 2002, cuando decidi\u00f3 dejar de comer animales. Desde entonces, ha organizado y participado en numerosos eventos, acciones, marchas y sesiones de formaci\u00f3n para activistas de los derechos de los animales en todo el mundo.<\/p>\n<p>Karol ha participado en la fundaci\u00f3n de grupos de defensa de los derechos de los animales y ha entrenado a activistas en acci\u00f3n directa no violenta en toda Am\u00e9rica Latina y Europa, incluyendo la facilitaci\u00f3n de vigilias seguras con Animal Save Movement.<\/p>\n<p>Tambi\u00e9n ha dirigido y participado en m\u00faltiples investigaciones de granjas en Am\u00e9rica Latina y form\u00f3 parte de la primera investigaci\u00f3n y rescate abierto en una granja de cerdos llevado a cabo por DxE en Canad\u00e1.<\/p>\n<p>Karol le inculca el valor de la vida y el poder del activismo a su hija adolescente, a la que ha criado vegana desde que naci\u00f3.<\/p>\n<p>[\/et_pb_text][\/et_pb_column][\/et_pb_row][et_pb_row module_class=&#8221;dtb-overlay-3&#8243; _builder_version=&#8221;4.27.4&#8243; _module_preset=&#8221;default&#8221; global_colors_info=&#8221;{}&#8221;][et_pb_column type=&#8221;4_4&#8243; _builder_version=&#8221;4.27.4&#8243; _module_preset=&#8221;default&#8221; global_colors_info=&#8221;{}&#8221;][et_pb_text admin_label=&#8221;Bio-Karol&#8221; _builder_version=&#8221;4.27.4&#8243; _module_preset=&#8221;default&#8221; background_color=&#8221;#FFFFFF&#8221; width=&#8221;60vw&#8221; width_tablet=&#8221;&#8221; width_phone=&#8221;&#8221; width_last_edited=&#8221;on|desktop&#8221; module_alignment=&#8221;center&#8221; custom_margin=&#8221;||||true|false&#8221; custom_padding=&#8221;25px|25px|25px|25px|true|true&#8221; border_radii=&#8221;on|16px|16px|16px|16px&#8221; global_colors_info=&#8221;{}&#8221;]<\/p>\n<h3>LAURA SAINZ<\/h3>\n<p>Laura disfruta enormemente dando largos paseos con su compa\u00f1ero canino, Quinoa, y horneando pan. Ha dedicado su perfil profesional a difundir la ideolog\u00eda antiespecista y promover el veganismo a trav\u00e9s del medio de comunicaci\u00f3n antiespecista \u00abVeganiza tu vida\u00bb y la creaci\u00f3n de Casa Animal Morelia, un centro comunitario vegano en M\u00e9xico.<\/p>\n<p>Es especialista en comunicaci\u00f3n con experiencia en campa\u00f1as en l\u00ednea, campa\u00f1as pol\u00edticas, agencias de publicidad, departamentos de prensa gubernamentales y medios de comunicaci\u00f3n tradicionales y digitales. Su formaci\u00f3n antropol\u00f3gica le ha proporcionado una perspectiva para el activismo estrechamente ligada al contexto y la oportunidad de hacer aportaciones acad\u00e9micas sobre el veganismo y el antiespecismo.<\/p>\n<p>&nbsp;<\/p>\n<p>[\/et_pb_text][\/et_pb_column][\/et_pb_row][\/et_pb_section]<\/p>\n","protected":false},"excerpt":{"rendered":"<p>Encuentro Por los AnimalesNuestra visi\u00f3nContribuir a poner el activismo latinoamericano en el mapa global, dar a conocer nuestros logros y compartir con el mundo nuestros retos y soluciones.Nuestra misi\u00f3nNuestra misi\u00f3n [&hellip;]<\/p>\n","protected":false},"author":1,"featured_media":0,"parent":0,"menu_order":0,"comment_status":"closed","ping_status":"closed","template":"","meta":{"_et_pb_use_builder":"on","_et_pb_old_content":"","_et_gb_content_width":"","_price":"","_stock":"","_tribe_ticket_header":"","_tribe_default_ticket_provider":"TEC\\Tickets\\Commerce\\Module","_ticket_start_date":"","_ticket_end_date":"","_tribe_ticket_show_description":"","_tribe_ticket_show_not_going":false,"_tribe_ticket_use_global_stock":"","_tribe_ticket_global_stock_level":"","_global_stock_mode":"","_global_stock_cap":"","_tribe_rsvp_for_event":"","_tribe_ticket_going_count":"","_tribe_ticket_not_going_count":"","_tribe_tickets_list":"[]","_tribe_ticket_has_attendee_info_fields":false,"footnotes":"","_tec_slr_enabled":"","_tec_slr_layout":""},"class_list":["post-242568","page","type-page","status-publish","hentry"],"ticketed":false,"_links":{"self":[{"href":"https:\/\/encuentroporlosanimales.org\/en\/wp-json\/wp\/v2\/pages\/242568","targetHints":{"allow":["GET"]}}],"collection":[{"href":"https:\/\/encuentroporlosanimales.org\/en\/wp-json\/wp\/v2\/pages"}],"about":[{"href":"https:\/\/encuentroporlosanimales.org\/en\/wp-json\/wp\/v2\/types\/page"}],"author":[{"embeddable":true,"href":"https:\/\/encuentroporlosanimales.org\/en\/wp-json\/wp\/v2\/users\/1"}],"replies":[{"embeddable":true,"href":"https:\/\/encuentroporlosanimales.org\/en\/wp-json\/wp\/v2\/comments?post=242568"}],"version-history":[{"count":65,"href":"https:\/\/encuentroporlosanimales.org\/en\/wp-json\/wp\/v2\/pages\/242568\/revisions"}],"predecessor-version":[{"id":243705,"href":"https:\/\/encuentroporlosanimales.org\/en\/wp-json\/wp\/v2\/pages\/242568\/revisions\/243705"}],"wp:attachment":[{"href":"https:\/\/encuentroporlosanimales.org\/en\/wp-json\/wp\/v2\/media?parent=242568"}],"curies":[{"name":"wp","href":"https:\/\/api.w.org\/{rel}","templated":true}]}}